{"id":5,"date":"2018-11-27T17:30:41","date_gmt":"2018-11-27T16:30:41","guid":{"rendered":"http:\/\/www.restaurantestevet.com\/?page_id=5"},"modified":"2026-08-31T10:08:50","modified_gmt":"2026-08-31T08:08:50","slug":"inicio","status":"publish","type":"page","link":"https:\/\/www.restaurantestevet.com\/es\/","title":{"rendered":"Inicio"},"content":{"rendered":"<div class=\"et_pb_section_0 et_pb_section et_pb_fullwidth_section et_section_regular et_block_section\">\n<section class=\"et_pb_fullwidth_header_0 et_pb_fullwidth_header et_pb_bg_layout_dark et_pb_text_align_center et_pb_module et_flex_module\"><div class=\"et_pb_fullwidth_header_container center\"><div class=\"header-content-container center\"><div class=\"header-content et_flex_module\"><h1 class=\"et_pb_module_header\">Cocina Catalana<\/h1><div class=\"et_pb_header_button_wrapper\"><a class=\"et_pb_button et_pb_more_button et_pb_button_one\" href=\"https:\/\/restaurantestevet.myrestoo.net\/es\/reservar\">RESERVAR MESA<\/a><a class=\"et_pb_button et_pb_more_button et_pb_button_two\" href=\"https:\/\/acasa.restaurantestevet.com\/\">TIENDA ONLINE<\/a><\/div><\/div><\/div><\/div><div class=\"et_pb_fullwidth_header_overlay\"><\/div><div class=\"et_pb_fullwidth_header_scroll\"><\/div><\/section>\n<\/div>\n\n<div class=\"et_pb_section_1 et_pb_section et_section_regular et_block_section\">\n<div class=\"et_pb_row_0 et_pb_row et_block_row\">\n<div class=\"et_pb_column_0 et_pb_column et_pb_column_3_5 et_block_column et_pb_css_mix_blend_mode_passthrough\">\n<div class=\"et_pb_text_0 et_pb_text et_pb_bg_layout_light et_pb_bg_layout_light_hover et_pb_module et_block_module\"><div class=\"et_pb_text_inner\"><h3>Nuestra historia<\/h3>\n<\/div><\/div>\n\n<div class=\"et_pb_divider_0 et_pb_divider_hidden et_pb_space et_pb_divider_position_top et_pb_module\"><div class=\"et_pb_divider_internal\"><\/div><\/div>\n\n<div class=\"et_pb_text_1 et_pb_text et_pb_bg_layout_light et_pb_module et_block_module\"><div class=\"et_pb_text_inner\"><h2>Desde 1890...<\/h2>\n<\/div><\/div>\n\n<div class=\"et_pb_text_2 et_pb_text et_pb_bg_layout_light et_pb_module et_block_module\"><div class=\"et_pb_text_inner\"><p data-start=\"0\" data-end=\"273\">Ca L\u2019Estevet ha formado parte ininterrumpidamente del tejido de la ciudad desde 1890. Actualmente, la cuarta y quinta generaci\u00f3n de la familia se encargan de la gesti\u00f3n, siendo herederas de una manera de entender un restaurante de cocina catalana en el centro de Barcelona.<\/p>\n<p data-start=\"275\" data-end=\"433\">En Ca L\u2019Estevet, la excelencia nace de la sencillez: la pr\u00e1ctica constante del oficio, el amor por el producto y el respeto por la historia de nuestra tierra.<\/p>\n<p data-start=\"435\" data-end=\"552\">Nuestra cocina se caracteriza por el respeto del recetario tradicional catal\u00e1n y la temporalidad de los ingredientes.<\/p>\n<p data-start=\"554\" data-end=\"694\">L\u2019Estevet se convierte en un espacio privilegiado para la conexi\u00f3n humana genuina, para el intercambio de ideas y la transmisi\u00f3n de cultura.<\/p>\n<p data-start=\"696\" data-end=\"916\" data-is-last-node=\"\" data-is-only-node=\"\">Es en la mesa donde se consolidan los v\u00ednculos familiares y de amistad, donde se narran las historias y donde las recetas \u2014m\u00e1s all\u00e1 de meras indicaciones culinarias\u2014 act\u00faan como veh\u00edculos de la memoria y de la identidad.<\/p>\n<\/div><\/div>\n\n<div class=\"et_pb_module et_pb_button_module_wrapper et_pb_button_0_wrapper\"><a class=\"et_pb_button_0 et_pb_button et_pb_bg_layout_light et_pb_module et_block_module\" href=\"https:\/\/www.restaurantestevet.com\/es\/historia\/\">Historia<\/a><\/div>\n<\/div>\n\n<div class=\"et_pb_column_1 et_pb_column et_pb_column_2_5 et-last-child et_block_column et_pb_css_mix_blend_mode_passthrough\">\n<div class=\"et_pb_image_0 et_pb_image et_pb_module et_block_module\"><span class=\"et_pb_image_wrap\"><img data-recalc-dims=\"1\" loading=\"lazy\" decoding=\"async\" src=\"https:\/\/i0.wp.com\/www.restaurantestevet.com\/wp-content\/uploads\/estevet-restaurant_barcelona.jpg?resize=562%2C800&#038;ssl=1\" width=\"562\" height=\"800\" srcset=\"https:\/\/www.restaurantestevet.com\/wp-content\/uploads\/estevet-restaurant_barcelona.jpg 562w, https:\/\/www.restaurantestevet.com\/wp-content\/uploads\/estevet-restaurant_barcelona-480x683.jpg 480w\" sizes=\"(min-width: 0px) and (max-width: 480px) 480px, (min-width: 481px) 562px, 100vw\" class=\"wp-image-24804\" alt=\"Imatge de la fa\u00e7ana del Restaurant Ca L&#039;Estevet de Barcelona\" title=\"Ca L&#039;Estevet Barcelona\" \/><\/span><\/div>\n<\/div>\n<\/div>\n<\/div>\n\n<div class=\"et_pb_section_2 et_pb_section et_section_regular et_flex_section\">\n<div class=\"et_pb_row_1 et_pb_row et_flex_row\">\n<div class=\"et_pb_column_2 et_pb_column et_flex_column et_pb_css_mix_blend_mode_passthrough et_flex_column_6_24 et_flex_column_12_24_tablet et_flex_column_24_24_phone\">\n<div class=\"et_pb_image_1 et_pb_image et_pb_image_sticky et_pb_module et_flex_module\"><span class=\"et_pb_image_wrap\"><img data-recalc-dims=\"1\" loading=\"lazy\" decoding=\"async\" src=\"https:\/\/i0.wp.com\/www.restaurantestevet.com\/wp-content\/uploads\/cargols-estevet-1-1.jpg?resize=500%2C494&#038;ssl=1\" alt=\"una imatge d&#039;un plat de cargols t\u00edpics de Ca L&#039;Estevet, restaurant de cuina catalana a Barcelona\" title=\"Cargols de Ca L&#039;Estevet\" width=\"500\" height=\"494\" srcset=\"https:\/\/www.restaurantestevet.com\/wp-content\/uploads\/cargols-estevet-1-1.jpg 500w, https:\/\/www.restaurantestevet.com\/wp-content\/uploads\/cargols-estevet-1-1-480x474.jpg 480w\" sizes=\"(min-width: 0px) and (max-width: 480px) 480px, (min-width: 481px) 500px, 100vw\" class=\"wp-image-25556\" \/><\/span><\/div>\n<\/div>\n\n<div class=\"et_pb_column_3 et_pb_column et_flex_column et_pb_css_mix_blend_mode_passthrough et_flex_column_6_24 et_flex_column_12_24_tablet et_flex_column_24_24_phone\">\n<div class=\"et_pb_text_3 et_pb_text et_pb_bg_layout_light et_pb_module et_block_module et_pb_text_align_center\"><div class=\"et_pb_text_inner\"><h4>Caracoles de L'Estevet<\/h4>\n<\/div><\/div>\n\n<div class=\"et_pb_text_4 et_pb_text et_pb_bg_layout_light et_pb_module et_block_module et_pb_text_align_center\"><div class=\"et_pb_text_inner\"><p>16.85\u20ac<\/p>\n<\/div><\/div>\n<\/div>\n\n<div class=\"et_pb_column_4 et_pb_column et_flex_column et_pb_css_mix_blend_mode_passthrough et_flex_column_6_24 et_flex_column_12_24_tablet et_flex_column_24_24_phone\">\n<div class=\"et_pb_image_2 et_pb_image et_pb_image_sticky et_pb_module et_flex_module\"><span class=\"et_pb_image_wrap\"><img data-recalc-dims=\"1\" loading=\"lazy\" decoding=\"async\" src=\"https:\/\/i0.wp.com\/www.restaurantestevet.com\/wp-content\/uploads\/anec-estevet-1.jpg?resize=500%2C494&#038;ssl=1\" alt=\"una imatge d&#039;un plat d&#039;\u00e0nec del Llu\u00e7an\u00e8s a la taronja del Restaurant Ca L&#039;Estevet de Barcelona\" title=\"\u00c0nec a la Taronja Ca L&#039;Estevet\" width=\"500\" height=\"494\" srcset=\"https:\/\/www.restaurantestevet.com\/wp-content\/uploads\/anec-estevet-1.jpg 500w, https:\/\/www.restaurantestevet.com\/wp-content\/uploads\/anec-estevet-1-480x474.jpg 480w\" sizes=\"(min-width: 0px) and (max-width: 480px) 480px, (min-width: 481px) 500px, 100vw\" class=\"wp-image-25557\" \/><\/span><\/div>\n<\/div>\n\n<div class=\"et_pb_column_5 et_pb_column et-last-child et_flex_column et_pb_css_mix_blend_mode_passthrough et_flex_column_6_24 et_flex_column_12_24_tablet et_flex_column_24_24_phone\">\n<div class=\"et_pb_text_5 et_pb_text et_pb_bg_layout_light et_pb_module et_block_module et_pb_text_align_center\"><div class=\"et_pb_text_inner\"><h4>Pato del Llu\u00e7an\u00e8s a la naranja<\/h4>\n<\/div><\/div>\n\n<div class=\"et_pb_text_6 et_pb_text et_pb_bg_layout_light et_pb_module et_block_module et_pb_text_align_center\"><div class=\"et_pb_text_inner\"><p>18.85\u20ac<\/p>\n<\/div><\/div>\n<\/div>\n<\/div>\n\n<div class=\"et_pb_row_2 et_pb_row et_flex_row\">\n<div class=\"et_pb_column_6 et_pb_column et_flex_column et_pb_css_mix_blend_mode_passthrough et_flex_column_6_24 et_flex_column_12_24_tablet et_flex_column_24_24_phone\">\n<div class=\"et_pb_text_7 et_pb_text et_pb_bg_layout_light et_pb_module et_block_module et_pb_text_align_center\"><div class=\"et_pb_text_inner\"><h4>Alb\u00f3ndigas con sepia y gambas<\/h4>\n<\/div><\/div>\n\n<div class=\"et_pb_text_8 et_pb_text et_pb_bg_layout_light et_pb_module et_block_module et_pb_text_align_center\"><div class=\"et_pb_text_inner\"><p>16.85\u20ac<\/p>\n<\/div><\/div>\n<\/div>\n\n<div class=\"et_pb_column_7 et_pb_column et_flex_column et_pb_css_mix_blend_mode_passthrough et_flex_column_6_24 et_flex_column_12_24_tablet et_flex_column_24_24_phone\">\n<div class=\"et_pb_image_3 et_pb_image et_pb_image_sticky et_pb_module et_flex_module\"><span class=\"et_pb_image_wrap\"><img data-recalc-dims=\"1\" loading=\"lazy\" decoding=\"async\" src=\"https:\/\/i0.wp.com\/www.restaurantestevet.com\/wp-content\/uploads\/mandonguilles-sipia-gambes-estevet-1-1.jpg?resize=500%2C494&#038;ssl=1\" alt=\"Imatge d&#039;un plat de mandonguilles amb s\u00edpia i gambes del Restaurant Ca L&#039;estevet de Barcelona\" title=\"Mandonguilles amb sipia i gambes Estevet\" width=\"500\" height=\"494\" srcset=\"https:\/\/www.restaurantestevet.com\/wp-content\/uploads\/mandonguilles-sipia-gambes-estevet-1-1.jpg 500w, https:\/\/www.restaurantestevet.com\/wp-content\/uploads\/mandonguilles-sipia-gambes-estevet-1-1-480x474.jpg 480w\" sizes=\"(min-width: 0px) and (max-width: 480px) 480px, (min-width: 481px) 500px, 100vw\" class=\"wp-image-25558\" \/><\/span><\/div>\n<\/div>\n\n<div class=\"et_pb_column_8 et_pb_column et_flex_column et_pb_css_mix_blend_mode_passthrough et_flex_column_6_24 et_flex_column_12_24_tablet et_flex_column_24_24_phone\">\n<div class=\"et_pb_text_9 et_pb_text et_pb_bg_layout_light et_pb_module et_block_module et_pb_text_align_center\"><div class=\"et_pb_text_inner\"><h4>Chipirones frescos a la plancha<\/h4>\n<\/div><\/div>\n\n<div class=\"et_pb_text_10 et_pb_text et_pb_bg_layout_light et_pb_module et_block_module et_pb_text_align_center\"><div class=\"et_pb_text_inner\"><p>18.85\u20ac<\/p>\n<\/div><\/div>\n<\/div>\n\n<div class=\"et_pb_column_9 et_pb_column et-last-child et_flex_column et_pb_css_mix_blend_mode_passthrough et_flex_column_6_24 et_flex_column_12_24_tablet et_flex_column_24_24_phone\">\n<div class=\"et_pb_image_4 et_pb_image et_pb_image_sticky et_pb_module et_flex_module\"><span class=\"et_pb_image_wrap\"><img data-recalc-dims=\"1\" loading=\"lazy\" decoding=\"async\" src=\"https:\/\/i0.wp.com\/www.restaurantestevet.com\/wp-content\/uploads\/calamarsets-1.jpg?resize=500%2C494&#038;ssl=1\" alt=\"Imatge d&#039;un plat de calamarcets de costa a la planxa amb all i julivert del restaurant Ca L&#039;Estevet de Barcelona\" title=\"calamarcets a la planxa Ca L&#039;Estevet\" width=\"500\" height=\"494\" srcset=\"https:\/\/www.restaurantestevet.com\/wp-content\/uploads\/calamarsets-1.jpg 500w, https:\/\/www.restaurantestevet.com\/wp-content\/uploads\/calamarsets-1-480x474.jpg 480w\" sizes=\"(min-width: 0px) and (max-width: 480px) 480px, (min-width: 481px) 500px, 100vw\" class=\"wp-image-25559\" \/><\/span><\/div>\n<\/div>\n<\/div>\n<\/div>\n\n<div class=\"et_pb_section_3 et_pb_section et_section_regular et_block_section\">\n<div class=\"et_pb_row_3 et_pb_row et_block_row\">\n<div class=\"et_pb_column_10 et_pb_column et_pb_column_4_4 et-last-child et_block_column et_pb_css_mix_blend_mode_passthrough\">\n<div class=\"et_pb_module et_pb_button_module_wrapper et_pb_button_1_wrapper\"><a class=\"et_pb_button_1 et_pb_button et_pb_bg_layout_light et_pb_module et_block_module\" href=\"https:\/\/www.restaurantestevet.com\/es\/carta\/\">Ver la carta de l&#039;Estevet<\/a><\/div>\n<\/div>\n<\/div>\n<\/div>\n\n<div class=\"et_pb_section_4 et_pb_section et_section_regular et_block_section\">\n<div class=\"et_pb_row_4 et_pb_row et_block_row\">\n<div class=\"et_pb_column_11 et_pb_column et_pb_column_4_4 et-last-child et_block_column et_pb_css_mix_blend_mode_passthrough\">\n<div class=\"et_pb_text_11 et_pb_text et_pb_bg_layout_light et_pb_bg_layout_light_hover et_pb_module et_block_module et_pb_text_align_center\"><div class=\"et_pb_text_inner\"><h3>Opiniones<\/h3>\n<\/div><\/div>\n\n<div class=\"et_pb_divider_1 et_pb_divider_hidden et_pb_space et_pb_divider_position_top et_pb_module\"><div class=\"et_pb_divider_internal\"><\/div><\/div>\n\n<div class=\"et_pb_text_12 et_pb_text et_pb_bg_layout_light et_pb_module et_block_module et_pb_text_align_center\"><div class=\"et_pb_text_inner\"><h2>\u00bfQu\u00e9 dicen nuestros clientes?<\/h2>\n<\/div><\/div>\n<\/div>\n<\/div>\n\n<div class=\"et_pb_row_5 et_pb_row et_pb_row_4col et_block_row et_block_row_4col\">\n<div class=\"et_pb_column_12 et_pb_column et_pb_column_1_4 et_block_column et_pb_css_mix_blend_mode_passthrough\">\n<div class=\"et_pb_image_5 et_pb_image et_pb_module et_block_module\"><span class=\"et_pb_image_wrap\"><img data-recalc-dims=\"1\" loading=\"lazy\" decoding=\"async\" src=\"https:\/\/i0.wp.com\/www.restaurantestevet.com\/wp-content\/uploads\/stars.png?resize=144%2C23&#038;ssl=1\" width=\"144\" height=\"23\" srcset=\"https:\/\/www.restaurantestevet.com\/wp-content\/uploads\/stars.png 144w\" sizes=\"(max-width: 144px) 100vw, 144px\" class=\"wp-image-20918\" \/><\/span><\/div>\n\n<div class=\"et_pb_text_13 et_pb_text et_pb_bg_layout_light et_pb_module et_block_module\"><div class=\"et_pb_text_inner\"><h4>\u201c<span>Excelente<\/span>\u201d<\/h4>\n<\/div><\/div>\n\n<div class=\"et_pb_text_14 et_pb_text et_pb_bg_layout_light et_pb_module et_block_module\"><div class=\"et_pb_text_inner\"><p>\"La comida, toda una exquisitez, cada platillo se degusta al m\u00e1ximo, incluyendo los caracoles que era yo esc\u00e9ptica de probar, me encantaron.<br \/>Chicos si piensan viajar a Barcelona y quieren comer catal\u00e1n, no lo duden.\"<\/p>\n<p><a href=\"https:\/\/www.tripadvisor.es\/ShowUserReviews-g187497-d697579-r831044851-Restaurant_Ca_L_Estevet-Barcelona_Catalonia.html\" target=\"_blank\" rel=\"noopener\"><span style=\"color: #1f1f1f;\">TripAdvisor<\/span><\/a><\/p>\n<\/div><\/div>\n<\/div>\n\n<div class=\"et_pb_column_13 et_pb_column et_pb_column_1_4 et_block_column et_pb_css_mix_blend_mode_passthrough\">\n<div class=\"et_pb_image_6 et_pb_image et_pb_module et_block_module\"><span class=\"et_pb_image_wrap\"><img data-recalc-dims=\"1\" loading=\"lazy\" decoding=\"async\" src=\"https:\/\/i0.wp.com\/www.restaurantestevet.com\/wp-content\/uploads\/stars.png?resize=144%2C23&#038;ssl=1\" width=\"144\" height=\"23\" srcset=\"https:\/\/www.restaurantestevet.com\/wp-content\/uploads\/stars.png 144w\" sizes=\"(max-width: 144px) 100vw, 144px\" class=\"wp-image-20918\" \/><\/span><\/div>\n\n<div class=\"et_pb_text_15 et_pb_text et_pb_bg_layout_light et_pb_module et_block_module\"><div class=\"et_pb_text_inner\"><h4>\u201cCocina de temporada\u201d<\/h4>\n<\/div><\/div>\n\n<div class=\"et_pb_text_16 et_pb_text et_pb_bg_layout_light et_pb_module et_block_module\"><div class=\"et_pb_text_inner\"><p>\"Buen ambiente, comida extraordinaria. Quisimos probar producto t\u00edpico catal\u00e1n como la butifarra, los canelones y los bu\u00f1uelos de bacalao. Exquisitos los tres platos\"<\/p>\n<p><a href=\"https:\/\/www.tripadvisor.es\/ShowUserReviews-g187497-d697579-r829120565-Restaurant_Ca_L_Estevet-Barcelona_Catalonia.html\" target=\"_blank\" rel=\"noopener\"><span style=\"color: #1f1f1f;\">TripAdvisor<\/span><\/a><\/p>\n<\/div><\/div>\n<\/div>\n\n<div class=\"et_pb_column_14 et_pb_column et_pb_column_1_4 et_block_column et_pb_css_mix_blend_mode_passthrough\">\n<div class=\"et_pb_image_7 et_pb_image et_pb_module et_block_module\"><span class=\"et_pb_image_wrap\"><img data-recalc-dims=\"1\" loading=\"lazy\" decoding=\"async\" src=\"https:\/\/i0.wp.com\/www.restaurantestevet.com\/wp-content\/uploads\/stars.png?resize=144%2C23&#038;ssl=1\" width=\"144\" height=\"23\" srcset=\"https:\/\/www.restaurantestevet.com\/wp-content\/uploads\/stars.png 144w\" sizes=\"(max-width: 144px) 100vw, 144px\" class=\"wp-image-20918\" \/><\/span><\/div>\n\n<div class=\"et_pb_text_17 et_pb_text et_pb_bg_layout_light et_pb_module et_block_module\"><div class=\"et_pb_text_inner\"><h4>\u201cUn lugar con historia\u201d<\/h4>\n<\/div><\/div>\n\n<div class=\"et_pb_text_18 et_pb_text et_pb_bg_layout_light et_pb_module et_block_module\"><div class=\"et_pb_text_inner\"><p>\"En estos tiempos de esferificaciones, platillo y tapas, se agradece ir de vez en cuando a un restaurante tradicional que puede transportarte a la cocina de toda la vida, con unos profesionales con muchas horas de oficio\"<\/p>\n<p><a href=\"https:\/\/www.tripadvisor.es\/ShowUserReviews-g187497-d697579-r821028533-Restaurant_Ca_L_Estevet-Barcelona_Catalonia.html\" target=\"_blank\" rel=\"noopener\"><span style=\"color: #1f1f1f;\">TripAdvisor<\/span><\/a><\/p>\n<\/div><\/div>\n<\/div>\n\n<div class=\"et_pb_column_15 et_pb_column et_pb_column_1_4 et-last-child et_block_column et_pb_css_mix_blend_mode_passthrough\">\n<div class=\"et_pb_image_8 et_pb_image et_pb_module et_block_module\"><span class=\"et_pb_image_wrap\"><img data-recalc-dims=\"1\" loading=\"lazy\" decoding=\"async\" src=\"https:\/\/i0.wp.com\/www.restaurantestevet.com\/wp-content\/uploads\/stars.png?resize=144%2C23&#038;ssl=1\" width=\"144\" height=\"23\" srcset=\"https:\/\/www.restaurantestevet.com\/wp-content\/uploads\/stars.png 144w\" sizes=\"(max-width: 144px) 100vw, 144px\" class=\"wp-image-20918\" \/><\/span><\/div>\n\n<div class=\"et_pb_text_19 et_pb_text et_pb_bg_layout_light et_pb_module et_block_module\"><div class=\"et_pb_text_inner\"><h4>\"Un cl\u00e1sico con un toque especial en cada plato\"<\/h4>\n<\/div><\/div>\n\n<div class=\"et_pb_text_20 et_pb_text et_pb_bg_layout_light et_pb_module et_block_module\"><div class=\"et_pb_text_inner\"><p>\"Todos los platos tienen un toque especial sobre un producto de gran calidad. El servicio impecable. El local un cl\u00e1sico. Imprescindible para antes o despu\u00e9s del teatro. Gran recomendaci\u00f3n de nuestros amigos\"<\/p>\n<p><a href=\"https:\/\/www.tripadvisor.es\/ShowUserReviews-g187497-d697579-r794053748-Restaurant_Ca_L_Estevet-Barcelona_Catalonia.html\" target=\"_blank\" rel=\"noopener\"><span style=\"color: #1f1f1f;\">TripAdvisor<\/span><\/a><\/p>\n<\/div><\/div>\n<\/div>\n<\/div>\n\n<div class=\"et_pb_row_6 et_pb_row et_block_row\">\n<div class=\"et_pb_column_16 et_pb_column et_pb_column_4_4 et-last-child et_block_column et_pb_css_mix_blend_mode_passthrough\">\n<div class=\"et_pb_image_9 et_pb_image et_pb_module et_block_module\"><span class=\"et_pb_image_wrap\"><img data-recalc-dims=\"1\" loading=\"lazy\" decoding=\"async\" src=\"https:\/\/i0.wp.com\/www.restaurantestevet.com\/wp-content\/uploads\/logos-som-gastronomia.png?resize=900%2C78&#038;ssl=1\" width=\"900\" height=\"78\" srcset=\"https:\/\/www.restaurantestevet.com\/wp-content\/uploads\/logos-som-gastronomia.png 900w, https:\/\/www.restaurantestevet.com\/wp-content\/uploads\/logos-som-gastronomia-480x42.png 480w\" sizes=\"(min-width: 0px) and (max-width: 480px) 480px, (min-width: 481px) 900px, 100vw\" class=\"wp-image-23178\" title=\"Som Gastronomia\" \/><\/span><\/div>\n<\/div>\n<\/div>\n<\/div>\n\n<div class=\"et_pb_section_5 et_pb_section et_section_regular et_block_section\" id=\"galeria\">\n<div class=\"et_pb_row_7 et_pb_row et_block_row\">\n<div class=\"et_pb_column_17 et_pb_column et_pb_column_4_4 et-last-child et_block_column et_pb_css_mix_blend_mode_passthrough\">\n<div class=\"et_pb_text_21 et_pb_text et_pb_bg_layout_light et_pb_bg_layout_light_hover et_pb_module et_block_module et_pb_text_align_center\"><div class=\"et_pb_text_inner\"><h3>Galer\u00eda<\/h3>\n<\/div><\/div>\n\n<div class=\"et_pb_divider_2 et_pb_divider_hidden et_pb_space et_pb_divider_position_top et_pb_module\"><div class=\"et_pb_divider_internal\"><\/div><\/div>\n\n<div class=\"et_pb_text_22 et_pb_text et_pb_bg_layout_light et_pb_module et_block_module et_pb_text_align_center\"><div class=\"et_pb_text_inner\"><h2>Echa un vistazo a L'Estevet<\/h2>\n<\/div><\/div>\n\n<ul class=\"et_pb_social_media_follow_0 et_pb_social_media_follow clearfix et_pb_bg_layout_light et_pb_module et_block_module ds-social-follow\">\n<li class=\"et_pb_social_media_follow_network_0 et_pb_social_media_follow_network et_pb_social_icon et_pb_social_network_link et-social-instagram et_pb_module et_flex_module\"><a href=\"https:\/\/www.instagram.com\/estevetbarcelona\/\" class=\"icon\" title=\"Seguir en Instagram\" target=\"_self\" rel=\"noopener\"><span class=\"et_pb_social_media_follow_network_name\">Seguir<\/span><\/a><\/li>\n\n<li class=\"et_pb_social_media_follow_network_1 et_pb_social_media_follow_network et_pb_social_icon et_pb_social_network_link et-pb-social-fa-icon et-social-tripadvisor et_pb_module et_flex_module\"><a href=\"https:\/\/www.tripadvisor.co\/Restaurant_Review-g187497-d697579-Reviews-Restaurant_Ca_L_Estevet-Barcelona_Catalonia.html\" class=\"icon\" title=\"Seguir en TripAdvisor\" target=\"_self\" rel=\"noopener\"><span class=\"et_pb_social_media_follow_network_name\">Seguir<\/span><\/a><\/li>\n\n<li class=\"et_pb_social_media_follow_network_2 et_pb_social_media_follow_network et_pb_social_icon et_pb_social_network_link et-social-facebook et_pb_module et_flex_module\"><a href=\"https:\/\/www.facebook.com\/restaurantestevet\" class=\"icon\" title=\"Seguir en Facebook\" target=\"_self\" rel=\"noopener\"><span class=\"et_pb_social_media_follow_network_name\">Seguir<\/span><\/a><\/li>\n<\/ul>\n<\/div>\n<\/div>\n\n<div class=\"et_pb_row_8 et_pb_row et_block_row\">\n<div class=\"et_pb_column_18 et_pb_column et_pb_column_4_4 et-last-child et_block_column et_pb_css_mix_blend_mode_passthrough\">\n<div class=\"et_pb_code_0 et_pb_code et_pb_module\"><div class=\"et_pb_code_inner\">\n<div id=\"sb_instagram\" role=\"region\" aria-label=\"Instagram feed\"  class=\"sbi sbi_mob_col_1 sbi_tab_col_2 sbi_col_4\" style=\"padding-bottom: 10px; width: 100%;\"\t data-feedid=\"*1\"  data-res=\"auto\" data-cols=\"4\" data-colsmobile=\"1\" data-colstablet=\"2\" data-num=\"16\" data-nummobile=\"5\" data-item-padding=\"5\"\t data-shortcode-atts=\"{&quot;feed&quot;:&quot;1&quot;}\"  data-postid=\"5\" data-locatornonce=\"08a6044448\" data-imageaspectratio=\"1:1\" data-sbi-flags=\"favorLocal,gdpr\">\n\t\n\t<div id=\"sbi_images\" role=\"list\"  style=\"gap: 10px;\">\n\t\t<div class=\"sbi_item sbi_type_video sbi_new sbi_transition\" role=\"listitem\"\n\tid=\"sbi_17976973941117204\" data-date=\"1785922337\">\n\t<div class=\"sbi_photo_wrap\">\n\t\t<a class=\"sbi_photo\" href=\"https:\/\/www.instagram.com\/reel\/Dbp0cGEINjT\/\" target=\"_blank\" rel=\"noopener nofollow\"\n\t\t\tdata-full-res=\"https:\/\/scontent-fra5-1.cdninstagram.com\/v\/t51.71878-15\/763194831_1043617581471351_4864861532064509141_n.jpg?stp=dst-jpg_e35_tt6&_nc_cat=102&ccb=7-5&_nc_sid=18de74&efg=eyJlZmdfdGFnIjoiQ0xJUFMuYmVzdF9pbWFnZV91cmxnZW4uQzMifQ%3D%3D&_nc_ohc=Vgq0q19516EQ7kNvwGtAQpl&_nc_oc=Ado5LhAlRdTXxl8_4bUNJ9R47G4NBUWf9bKBKP4bxhSrmj5AKXAFrfDl8ZsXNq3KxYNlBvh4LAmugaZVX9NfyATP&_nc_zt=23&_nc_ht=scontent-fra5-1.cdninstagram.com&edm=AM6HXa8EAAAA&_nc_gid=CJLa4woEBV4LputS89vx1Q&_nc_tpa=Q5bMBQLOjHky-ut7f6WI5DMeYCtrd3-wcWRDppNCpCamfiJzKWdOJbgiQEZ_FJx4Ozaa-AI1zh4QpW7h&oh=00_AQJBeLBbXh20E0w-3Rj0cG4pOZukJ1_rQH-7mSUoWAsUOw&oe=6A9BE2CC\"\n\t\t\tdata-img-src-set=\"{&quot;d&quot;:&quot;https:\\\/\\\/scontent-fra5-1.cdninstagram.com\\\/v\\\/t51.71878-15\\\/763194831_1043617581471351_4864861532064509141_n.jpg?stp=dst-jpg_e35_tt6&amp;_nc_cat=102&amp;ccb=7-5&amp;_nc_sid=18de74&amp;efg=eyJlZmdfdGFnIjoiQ0xJUFMuYmVzdF9pbWFnZV91cmxnZW4uQzMifQ%3D%3D&amp;_nc_ohc=Vgq0q19516EQ7kNvwGtAQpl&amp;_nc_oc=Ado5LhAlRdTXxl8_4bUNJ9R47G4NBUWf9bKBKP4bxhSrmj5AKXAFrfDl8ZsXNq3KxYNlBvh4LAmugaZVX9NfyATP&amp;_nc_zt=23&amp;_nc_ht=scontent-fra5-1.cdninstagram.com&amp;edm=AM6HXa8EAAAA&amp;_nc_gid=CJLa4woEBV4LputS89vx1Q&amp;_nc_tpa=Q5bMBQLOjHky-ut7f6WI5DMeYCtrd3-wcWRDppNCpCamfiJzKWdOJbgiQEZ_FJx4Ozaa-AI1zh4QpW7h&amp;oh=00_AQJBeLBbXh20E0w-3Rj0cG4pOZukJ1_rQH-7mSUoWAsUOw&amp;oe=6A9BE2CC&quot;,&quot;150&quot;:&quot;https:\\\/\\\/scontent-fra5-1.cdninstagram.com\\\/v\\\/t51.71878-15\\\/763194831_1043617581471351_4864861532064509141_n.jpg?stp=dst-jpg_e35_tt6&amp;_nc_cat=102&amp;ccb=7-5&amp;_nc_sid=18de74&amp;efg=eyJlZmdfdGFnIjoiQ0xJUFMuYmVzdF9pbWFnZV91cmxnZW4uQzMifQ%3D%3D&amp;_nc_ohc=Vgq0q19516EQ7kNvwGtAQpl&amp;_nc_oc=Ado5LhAlRdTXxl8_4bUNJ9R47G4NBUWf9bKBKP4bxhSrmj5AKXAFrfDl8ZsXNq3KxYNlBvh4LAmugaZVX9NfyATP&amp;_nc_zt=23&amp;_nc_ht=scontent-fra5-1.cdninstagram.com&amp;edm=AM6HXa8EAAAA&amp;_nc_gid=CJLa4woEBV4LputS89vx1Q&amp;_nc_tpa=Q5bMBQLOjHky-ut7f6WI5DMeYCtrd3-wcWRDppNCpCamfiJzKWdOJbgiQEZ_FJx4Ozaa-AI1zh4QpW7h&amp;oh=00_AQJBeLBbXh20E0w-3Rj0cG4pOZukJ1_rQH-7mSUoWAsUOw&amp;oe=6A9BE2CC&quot;,&quot;320&quot;:&quot;https:\\\/\\\/scontent-fra5-1.cdninstagram.com\\\/v\\\/t51.71878-15\\\/763194831_1043617581471351_4864861532064509141_n.jpg?stp=dst-jpg_e35_tt6&amp;_nc_cat=102&amp;ccb=7-5&amp;_nc_sid=18de74&amp;efg=eyJlZmdfdGFnIjoiQ0xJUFMuYmVzdF9pbWFnZV91cmxnZW4uQzMifQ%3D%3D&amp;_nc_ohc=Vgq0q19516EQ7kNvwGtAQpl&amp;_nc_oc=Ado5LhAlRdTXxl8_4bUNJ9R47G4NBUWf9bKBKP4bxhSrmj5AKXAFrfDl8ZsXNq3KxYNlBvh4LAmugaZVX9NfyATP&amp;_nc_zt=23&amp;_nc_ht=scontent-fra5-1.cdninstagram.com&amp;edm=AM6HXa8EAAAA&amp;_nc_gid=CJLa4woEBV4LputS89vx1Q&amp;_nc_tpa=Q5bMBQLOjHky-ut7f6WI5DMeYCtrd3-wcWRDppNCpCamfiJzKWdOJbgiQEZ_FJx4Ozaa-AI1zh4QpW7h&amp;oh=00_AQJBeLBbXh20E0w-3Rj0cG4pOZukJ1_rQH-7mSUoWAsUOw&amp;oe=6A9BE2CC&quot;,&quot;640&quot;:&quot;https:\\\/\\\/scontent-fra5-1.cdninstagram.com\\\/v\\\/t51.71878-15\\\/763194831_1043617581471351_4864861532064509141_n.jpg?stp=dst-jpg_e35_tt6&amp;_nc_cat=102&amp;ccb=7-5&amp;_nc_sid=18de74&amp;efg=eyJlZmdfdGFnIjoiQ0xJUFMuYmVzdF9pbWFnZV91cmxnZW4uQzMifQ%3D%3D&amp;_nc_ohc=Vgq0q19516EQ7kNvwGtAQpl&amp;_nc_oc=Ado5LhAlRdTXxl8_4bUNJ9R47G4NBUWf9bKBKP4bxhSrmj5AKXAFrfDl8ZsXNq3KxYNlBvh4LAmugaZVX9NfyATP&amp;_nc_zt=23&amp;_nc_ht=scontent-fra5-1.cdninstagram.com&amp;edm=AM6HXa8EAAAA&amp;_nc_gid=CJLa4woEBV4LputS89vx1Q&amp;_nc_tpa=Q5bMBQLOjHky-ut7f6WI5DMeYCtrd3-wcWRDppNCpCamfiJzKWdOJbgiQEZ_FJx4Ozaa-AI1zh4QpW7h&amp;oh=00_AQJBeLBbXh20E0w-3Rj0cG4pOZukJ1_rQH-7mSUoWAsUOw&amp;oe=6A9BE2CC&quot;}\">\n\t\t\t<span class=\"sbi-screenreader\">Cargols de L\u2019Estevet! Sal, pebre i farigola. Bon\u00eds<\/span>\n\t\t\t\t\t\t<svg style=\"color: rgba(255,255,255,1)\" class=\"svg-inline--fa fa-play fa-w-14 sbi_playbtn\" aria-label=\"Play\" aria-hidden=\"true\" data-fa-processed=\"\" data-prefix=\"fa\" data-icon=\"play\" role=\"presentation\" xmlns=\"http:\/\/www.w3.org\/2000\/svg\" viewBox=\"0 0 448 512\"><path fill=\"currentColor\" d=\"M424.4 214.7L72.4 6.6C43.8-10.3 0 6.1 0 47.9V464c0 37.5 40.7 60.1 72.4 41.3l352-208c31.4-18.5 31.5-64.1 0-82.6z\"><\/path><\/svg>\t\t\t<img data-recalc-dims=\"1\" decoding=\"async\" src=\"https:\/\/i0.wp.com\/www.restaurantestevet.com\/wp-content\/plugins\/instagram-feed\/img\/placeholder.png?w=1080&#038;ssl=1\" alt=\"Cargols de L\u2019Estevet! Sal, pebre i farigola. Bon\u00edssims. #cargols #estevetbarcelona #cuinacatalana #raval\" aria-hidden=\"true\">\n\t\t<\/a>\n\t<\/div>\n<\/div><div class=\"sbi_item sbi_type_image sbi_new sbi_transition\" role=\"listitem\"\n\tid=\"sbi_18328833394276211\" data-date=\"1785500405\">\n\t<div class=\"sbi_photo_wrap\">\n\t\t<a class=\"sbi_photo\" href=\"https:\/\/www.instagram.com\/p\/DbdP7PeImOQ\/\" target=\"_blank\" rel=\"noopener nofollow\"\n\t\t\tdata-full-res=\"https:\/\/scontent-fra5-2.cdninstagram.com\/v\/t51.82787-15\/760411016_18610144177014338_5781325588823031516_n.jpg?stp=dst-jpg_e35_tt6&_nc_cat=109&ccb=7-5&_nc_sid=18de74&efg=eyJlZmdfdGFnIjoiRkVFRC5iZXN0X2ltYWdlX3VybGdlbi5DMyJ9&_nc_ohc=Je0_91nJRGMQ7kNvwHPz7hM&_nc_oc=AdrUiCFnSvO-yHmdp9ikgicKF9lOTPF2mAi8T1oDufpssvZ39GovH5q_ROv3nRBucrpNSGmmLa7qKwzKvDzC7Uqf&_nc_zt=23&_nc_ht=scontent-fra5-2.cdninstagram.com&edm=AM6HXa8EAAAA&_nc_gid=CJLa4woEBV4LputS89vx1Q&oh=00_AQLuo__JrbiMMl-KpXVxCuu4chO-UKvuSgXQoLoAYy8JGg&oe=6A9C044C\"\n\t\t\tdata-img-src-set=\"{&quot;d&quot;:&quot;https:\\\/\\\/scontent-fra5-2.cdninstagram.com\\\/v\\\/t51.82787-15\\\/760411016_18610144177014338_5781325588823031516_n.jpg?stp=dst-jpg_e35_tt6&amp;_nc_cat=109&amp;ccb=7-5&amp;_nc_sid=18de74&amp;efg=eyJlZmdfdGFnIjoiRkVFRC5iZXN0X2ltYWdlX3VybGdlbi5DMyJ9&amp;_nc_ohc=Je0_91nJRGMQ7kNvwHPz7hM&amp;_nc_oc=AdrUiCFnSvO-yHmdp9ikgicKF9lOTPF2mAi8T1oDufpssvZ39GovH5q_ROv3nRBucrpNSGmmLa7qKwzKvDzC7Uqf&amp;_nc_zt=23&amp;_nc_ht=scontent-fra5-2.cdninstagram.com&amp;edm=AM6HXa8EAAAA&amp;_nc_gid=CJLa4woEBV4LputS89vx1Q&amp;oh=00_AQLuo__JrbiMMl-KpXVxCuu4chO-UKvuSgXQoLoAYy8JGg&amp;oe=6A9C044C&quot;,&quot;150&quot;:&quot;https:\\\/\\\/scontent-fra5-2.cdninstagram.com\\\/v\\\/t51.82787-15\\\/760411016_18610144177014338_5781325588823031516_n.jpg?stp=dst-jpg_e35_tt6&amp;_nc_cat=109&amp;ccb=7-5&amp;_nc_sid=18de74&amp;efg=eyJlZmdfdGFnIjoiRkVFRC5iZXN0X2ltYWdlX3VybGdlbi5DMyJ9&amp;_nc_ohc=Je0_91nJRGMQ7kNvwHPz7hM&amp;_nc_oc=AdrUiCFnSvO-yHmdp9ikgicKF9lOTPF2mAi8T1oDufpssvZ39GovH5q_ROv3nRBucrpNSGmmLa7qKwzKvDzC7Uqf&amp;_nc_zt=23&amp;_nc_ht=scontent-fra5-2.cdninstagram.com&amp;edm=AM6HXa8EAAAA&amp;_nc_gid=CJLa4woEBV4LputS89vx1Q&amp;oh=00_AQLuo__JrbiMMl-KpXVxCuu4chO-UKvuSgXQoLoAYy8JGg&amp;oe=6A9C044C&quot;,&quot;320&quot;:&quot;https:\\\/\\\/scontent-fra5-2.cdninstagram.com\\\/v\\\/t51.82787-15\\\/760411016_18610144177014338_5781325588823031516_n.jpg?stp=dst-jpg_e35_tt6&amp;_nc_cat=109&amp;ccb=7-5&amp;_nc_sid=18de74&amp;efg=eyJlZmdfdGFnIjoiRkVFRC5iZXN0X2ltYWdlX3VybGdlbi5DMyJ9&amp;_nc_ohc=Je0_91nJRGMQ7kNvwHPz7hM&amp;_nc_oc=AdrUiCFnSvO-yHmdp9ikgicKF9lOTPF2mAi8T1oDufpssvZ39GovH5q_ROv3nRBucrpNSGmmLa7qKwzKvDzC7Uqf&amp;_nc_zt=23&amp;_nc_ht=scontent-fra5-2.cdninstagram.com&amp;edm=AM6HXa8EAAAA&amp;_nc_gid=CJLa4woEBV4LputS89vx1Q&amp;oh=00_AQLuo__JrbiMMl-KpXVxCuu4chO-UKvuSgXQoLoAYy8JGg&amp;oe=6A9C044C&quot;,&quot;640&quot;:&quot;https:\\\/\\\/scontent-fra5-2.cdninstagram.com\\\/v\\\/t51.82787-15\\\/760411016_18610144177014338_5781325588823031516_n.jpg?stp=dst-jpg_e35_tt6&amp;_nc_cat=109&amp;ccb=7-5&amp;_nc_sid=18de74&amp;efg=eyJlZmdfdGFnIjoiRkVFRC5iZXN0X2ltYWdlX3VybGdlbi5DMyJ9&amp;_nc_ohc=Je0_91nJRGMQ7kNvwHPz7hM&amp;_nc_oc=AdrUiCFnSvO-yHmdp9ikgicKF9lOTPF2mAi8T1oDufpssvZ39GovH5q_ROv3nRBucrpNSGmmLa7qKwzKvDzC7Uqf&amp;_nc_zt=23&amp;_nc_ht=scontent-fra5-2.cdninstagram.com&amp;edm=AM6HXa8EAAAA&amp;_nc_gid=CJLa4woEBV4LputS89vx1Q&amp;oh=00_AQLuo__JrbiMMl-KpXVxCuu4chO-UKvuSgXQoLoAYy8JGg&amp;oe=6A9C044C&quot;}\">\n\t\t\t<span class=\"sbi-screenreader\">#cuadebou<\/span>\n\t\t\t\t\t\t\t\t\t<img data-recalc-dims=\"1\" decoding=\"async\" src=\"https:\/\/i0.wp.com\/www.restaurantestevet.com\/wp-content\/plugins\/instagram-feed\/img\/placeholder.png?w=1080&#038;ssl=1\" alt=\"#cuadebou\" aria-hidden=\"true\">\n\t\t<\/a>\n\t<\/div>\n<\/div><div class=\"sbi_item sbi_type_image sbi_new sbi_transition\" role=\"listitem\"\n\tid=\"sbi_18617338057061621\" data-date=\"1784960121\">\n\t<div class=\"sbi_photo_wrap\">\n\t\t<a class=\"sbi_photo\" href=\"https:\/\/www.instagram.com\/p\/DbNIpg1osSH\/\" target=\"_blank\" rel=\"noopener nofollow\"\n\t\t\tdata-full-res=\"https:\/\/scontent-fra5-2.cdninstagram.com\/v\/t51.82787-15\/753503071_18608167807014338_1808253120845534794_n.jpg?stp=dst-jpg_e35_tt6&_nc_cat=109&ccb=7-5&_nc_sid=18de74&efg=eyJlZmdfdGFnIjoiRkVFRC5iZXN0X2ltYWdlX3VybGdlbi5DMyJ9&_nc_ohc=1eKPW5CxIv8Q7kNvwHhCKmC&_nc_oc=Adrkutka9ZM97O5qCE9NfMNFSi3QSf7NFLt-L56wiiUi8lcy_8CfusMRZ3mxR9sxrxutUnzoOBMTc71CqldFwcDO&_nc_zt=23&_nc_ht=scontent-fra5-2.cdninstagram.com&edm=AM6HXa8EAAAA&_nc_gid=CJLa4woEBV4LputS89vx1Q&oh=00_AQKF5LojBDXtdkr74anJZe1iv0K3QOyROL-Sd1ZM9HWxOA&oe=6A9BE443\"\n\t\t\tdata-img-src-set=\"{&quot;d&quot;:&quot;https:\\\/\\\/scontent-fra5-2.cdninstagram.com\\\/v\\\/t51.82787-15\\\/753503071_18608167807014338_1808253120845534794_n.jpg?stp=dst-jpg_e35_tt6&amp;_nc_cat=109&amp;ccb=7-5&amp;_nc_sid=18de74&amp;efg=eyJlZmdfdGFnIjoiRkVFRC5iZXN0X2ltYWdlX3VybGdlbi5DMyJ9&amp;_nc_ohc=1eKPW5CxIv8Q7kNvwHhCKmC&amp;_nc_oc=Adrkutka9ZM97O5qCE9NfMNFSi3QSf7NFLt-L56wiiUi8lcy_8CfusMRZ3mxR9sxrxutUnzoOBMTc71CqldFwcDO&amp;_nc_zt=23&amp;_nc_ht=scontent-fra5-2.cdninstagram.com&amp;edm=AM6HXa8EAAAA&amp;_nc_gid=CJLa4woEBV4LputS89vx1Q&amp;oh=00_AQKF5LojBDXtdkr74anJZe1iv0K3QOyROL-Sd1ZM9HWxOA&amp;oe=6A9BE443&quot;,&quot;150&quot;:&quot;https:\\\/\\\/scontent-fra5-2.cdninstagram.com\\\/v\\\/t51.82787-15\\\/753503071_18608167807014338_1808253120845534794_n.jpg?stp=dst-jpg_e35_tt6&amp;_nc_cat=109&amp;ccb=7-5&amp;_nc_sid=18de74&amp;efg=eyJlZmdfdGFnIjoiRkVFRC5iZXN0X2ltYWdlX3VybGdlbi5DMyJ9&amp;_nc_ohc=1eKPW5CxIv8Q7kNvwHhCKmC&amp;_nc_oc=Adrkutka9ZM97O5qCE9NfMNFSi3QSf7NFLt-L56wiiUi8lcy_8CfusMRZ3mxR9sxrxutUnzoOBMTc71CqldFwcDO&amp;_nc_zt=23&amp;_nc_ht=scontent-fra5-2.cdninstagram.com&amp;edm=AM6HXa8EAAAA&amp;_nc_gid=CJLa4woEBV4LputS89vx1Q&amp;oh=00_AQKF5LojBDXtdkr74anJZe1iv0K3QOyROL-Sd1ZM9HWxOA&amp;oe=6A9BE443&quot;,&quot;320&quot;:&quot;https:\\\/\\\/scontent-fra5-2.cdninstagram.com\\\/v\\\/t51.82787-15\\\/753503071_18608167807014338_1808253120845534794_n.jpg?stp=dst-jpg_e35_tt6&amp;_nc_cat=109&amp;ccb=7-5&amp;_nc_sid=18de74&amp;efg=eyJlZmdfdGFnIjoiRkVFRC5iZXN0X2ltYWdlX3VybGdlbi5DMyJ9&amp;_nc_ohc=1eKPW5CxIv8Q7kNvwHhCKmC&amp;_nc_oc=Adrkutka9ZM97O5qCE9NfMNFSi3QSf7NFLt-L56wiiUi8lcy_8CfusMRZ3mxR9sxrxutUnzoOBMTc71CqldFwcDO&amp;_nc_zt=23&amp;_nc_ht=scontent-fra5-2.cdninstagram.com&amp;edm=AM6HXa8EAAAA&amp;_nc_gid=CJLa4woEBV4LputS89vx1Q&amp;oh=00_AQKF5LojBDXtdkr74anJZe1iv0K3QOyROL-Sd1ZM9HWxOA&amp;oe=6A9BE443&quot;,&quot;640&quot;:&quot;https:\\\/\\\/scontent-fra5-2.cdninstagram.com\\\/v\\\/t51.82787-15\\\/753503071_18608167807014338_1808253120845534794_n.jpg?stp=dst-jpg_e35_tt6&amp;_nc_cat=109&amp;ccb=7-5&amp;_nc_sid=18de74&amp;efg=eyJlZmdfdGFnIjoiRkVFRC5iZXN0X2ltYWdlX3VybGdlbi5DMyJ9&amp;_nc_ohc=1eKPW5CxIv8Q7kNvwHhCKmC&amp;_nc_oc=Adrkutka9ZM97O5qCE9NfMNFSi3QSf7NFLt-L56wiiUi8lcy_8CfusMRZ3mxR9sxrxutUnzoOBMTc71CqldFwcDO&amp;_nc_zt=23&amp;_nc_ht=scontent-fra5-2.cdninstagram.com&amp;edm=AM6HXa8EAAAA&amp;_nc_gid=CJLa4woEBV4LputS89vx1Q&amp;oh=00_AQKF5LojBDXtdkr74anJZe1iv0K3QOyROL-Sd1ZM9HWxOA&amp;oe=6A9BE443&quot;}\">\n\t\t\t<span class=\"sbi-screenreader\">\u00c9s una gran sort de tenir amb nosaltres un senyor<\/span>\n\t\t\t\t\t\t\t\t\t<img data-recalc-dims=\"1\" decoding=\"async\" src=\"https:\/\/i0.wp.com\/www.restaurantestevet.com\/wp-content\/plugins\/instagram-feed\/img\/placeholder.png?w=1080&#038;ssl=1\" alt=\"\u00c9s una gran sort de tenir amb nosaltres un senyor que estima i es fa estimar com ning\u00fa. Un home incansable que \u00e9s capa\u00e7 d\u2019alegrar-nos el dia cada mat\u00ed i que fa millors a tots els qui l\u2019envolten. Avui que \u00e9s el seu aniversari, volem recordar que a l\u2019Estevet no nom\u00e9s tenim el millor ma\u00eetre de Barcelona, tenim alg\u00fa que aconsegueix transformar un ofici tan sacrificat en una de les professions m\u00e9s boniques i humanes del m\u00f3n. Moltes felicitats Josep Anton!\" aria-hidden=\"true\">\n\t\t<\/a>\n\t<\/div>\n<\/div><div class=\"sbi_item sbi_type_carousel sbi_new sbi_transition\" role=\"listitem\"\n\tid=\"sbi_18168555949453132\" data-date=\"1784267222\">\n\t<div class=\"sbi_photo_wrap\">\n\t\t<a class=\"sbi_photo\" href=\"https:\/\/www.instagram.com\/p\/Da4f4tbCOOH\/\" target=\"_blank\" rel=\"noopener nofollow\"\n\t\t\tdata-full-res=\"https:\/\/scontent-fra3-1.cdninstagram.com\/v\/t51.82787-15\/750507516_18605718241014338_9123086358448937489_n.jpg?stp=dst-jpg_e35_tt6&_nc_cat=108&ccb=7-5&_nc_sid=18de74&efg=eyJlZmdfdGFnIjoiQ0FST1VTRUxfSVRFTS5iZXN0X2ltYWdlX3VybGdlbi5DMyJ9&_nc_ohc=a1FXPNCgY9oQ7kNvwFwpP8x&_nc_oc=AdrjkTaP6rzsBCLpnQtwQit0qMXV9AKnhX--setnQoma5TIQ8NWXNwXBno4KJYflfvwhR3tWAZ_UNlp_ptfUG3_R&_nc_zt=23&_nc_ht=scontent-fra3-1.cdninstagram.com&edm=AM6HXa8EAAAA&_nc_gid=CJLa4woEBV4LputS89vx1Q&oh=00_AQI-MYfUFLrF61XcFEofSzpgqhkt1fCAe0g0AeOTA8k4Cg&oe=6A9BF566\"\n\t\t\tdata-img-src-set=\"{&quot;d&quot;:&quot;https:\\\/\\\/scontent-fra3-1.cdninstagram.com\\\/v\\\/t51.82787-15\\\/750507516_18605718241014338_9123086358448937489_n.jpg?stp=dst-jpg_e35_tt6&amp;_nc_cat=108&amp;ccb=7-5&amp;_nc_sid=18de74&amp;efg=eyJlZmdfdGFnIjoiQ0FST1VTRUxfSVRFTS5iZXN0X2ltYWdlX3VybGdlbi5DMyJ9&amp;_nc_ohc=a1FXPNCgY9oQ7kNvwFwpP8x&amp;_nc_oc=AdrjkTaP6rzsBCLpnQtwQit0qMXV9AKnhX--setnQoma5TIQ8NWXNwXBno4KJYflfvwhR3tWAZ_UNlp_ptfUG3_R&amp;_nc_zt=23&amp;_nc_ht=scontent-fra3-1.cdninstagram.com&amp;edm=AM6HXa8EAAAA&amp;_nc_gid=CJLa4woEBV4LputS89vx1Q&amp;oh=00_AQI-MYfUFLrF61XcFEofSzpgqhkt1fCAe0g0AeOTA8k4Cg&amp;oe=6A9BF566&quot;,&quot;150&quot;:&quot;https:\\\/\\\/scontent-fra3-1.cdninstagram.com\\\/v\\\/t51.82787-15\\\/750507516_18605718241014338_9123086358448937489_n.jpg?stp=dst-jpg_e35_tt6&amp;_nc_cat=108&amp;ccb=7-5&amp;_nc_sid=18de74&amp;efg=eyJlZmdfdGFnIjoiQ0FST1VTRUxfSVRFTS5iZXN0X2ltYWdlX3VybGdlbi5DMyJ9&amp;_nc_ohc=a1FXPNCgY9oQ7kNvwFwpP8x&amp;_nc_oc=AdrjkTaP6rzsBCLpnQtwQit0qMXV9AKnhX--setnQoma5TIQ8NWXNwXBno4KJYflfvwhR3tWAZ_UNlp_ptfUG3_R&amp;_nc_zt=23&amp;_nc_ht=scontent-fra3-1.cdninstagram.com&amp;edm=AM6HXa8EAAAA&amp;_nc_gid=CJLa4woEBV4LputS89vx1Q&amp;oh=00_AQI-MYfUFLrF61XcFEofSzpgqhkt1fCAe0g0AeOTA8k4Cg&amp;oe=6A9BF566&quot;,&quot;320&quot;:&quot;https:\\\/\\\/scontent-fra3-1.cdninstagram.com\\\/v\\\/t51.82787-15\\\/750507516_18605718241014338_9123086358448937489_n.jpg?stp=dst-jpg_e35_tt6&amp;_nc_cat=108&amp;ccb=7-5&amp;_nc_sid=18de74&amp;efg=eyJlZmdfdGFnIjoiQ0FST1VTRUxfSVRFTS5iZXN0X2ltYWdlX3VybGdlbi5DMyJ9&amp;_nc_ohc=a1FXPNCgY9oQ7kNvwFwpP8x&amp;_nc_oc=AdrjkTaP6rzsBCLpnQtwQit0qMXV9AKnhX--setnQoma5TIQ8NWXNwXBno4KJYflfvwhR3tWAZ_UNlp_ptfUG3_R&amp;_nc_zt=23&amp;_nc_ht=scontent-fra3-1.cdninstagram.com&amp;edm=AM6HXa8EAAAA&amp;_nc_gid=CJLa4woEBV4LputS89vx1Q&amp;oh=00_AQI-MYfUFLrF61XcFEofSzpgqhkt1fCAe0g0AeOTA8k4Cg&amp;oe=6A9BF566&quot;,&quot;640&quot;:&quot;https:\\\/\\\/scontent-fra3-1.cdninstagram.com\\\/v\\\/t51.82787-15\\\/750507516_18605718241014338_9123086358448937489_n.jpg?stp=dst-jpg_e35_tt6&amp;_nc_cat=108&amp;ccb=7-5&amp;_nc_sid=18de74&amp;efg=eyJlZmdfdGFnIjoiQ0FST1VTRUxfSVRFTS5iZXN0X2ltYWdlX3VybGdlbi5DMyJ9&amp;_nc_ohc=a1FXPNCgY9oQ7kNvwFwpP8x&amp;_nc_oc=AdrjkTaP6rzsBCLpnQtwQit0qMXV9AKnhX--setnQoma5TIQ8NWXNwXBno4KJYflfvwhR3tWAZ_UNlp_ptfUG3_R&amp;_nc_zt=23&amp;_nc_ht=scontent-fra3-1.cdninstagram.com&amp;edm=AM6HXa8EAAAA&amp;_nc_gid=CJLa4woEBV4LputS89vx1Q&amp;oh=00_AQI-MYfUFLrF61XcFEofSzpgqhkt1fCAe0g0AeOTA8k4Cg&amp;oe=6A9BF566&quot;}\">\n\t\t\t<span class=\"sbi-screenreader\">Les sardines escabetxades s\u00f3n un cl\u00e0ssic de la cui<\/span>\n\t\t\t<svg class=\"svg-inline--fa fa-clone fa-w-16 sbi_lightbox_carousel_icon\" aria-hidden=\"true\" aria-label=\"Clone\" data-fa-pro\u0192cessed=\"\" data-prefix=\"far\" data-icon=\"clone\" role=\"img\" xmlns=\"http:\/\/www.w3.org\/2000\/svg\" viewBox=\"0 0 512 512\">\n                    <path fill=\"currentColor\" d=\"M464 0H144c-26.51 0-48 21.49-48 48v48H48c-26.51 0-48 21.49-48 48v320c0 26.51 21.49 48 48 48h320c26.51 0 48-21.49 48-48v-48h48c26.51 0 48-21.49 48-48V48c0-26.51-21.49-48-48-48zM362 464H54a6 6 0 0 1-6-6V150a6 6 0 0 1 6-6h42v224c0 26.51 21.49 48 48 48h224v42a6 6 0 0 1-6 6zm96-96H150a6 6 0 0 1-6-6V54a6 6 0 0 1 6-6h308a6 6 0 0 1 6 6v308a6 6 0 0 1-6 6z\"><\/path>\n                <\/svg>\t\t\t\t\t\t<img data-recalc-dims=\"1\" decoding=\"async\" src=\"https:\/\/i0.wp.com\/www.restaurantestevet.com\/wp-content\/plugins\/instagram-feed\/img\/placeholder.png?w=1080&#038;ssl=1\" alt=\"Les sardines escabetxades s\u00f3n un cl\u00e0ssic de la cuina catalana tradicional. Aquest m\u00e8tode de conservaci\u00f3 utilitza oli d\u2019oliva, vinagre, all i esp\u00e8cies com el llorer i la farigola per cobrir i conservar el peix un cop fregit.\" aria-hidden=\"true\">\n\t\t<\/a>\n\t<\/div>\n<\/div><div class=\"sbi_item sbi_type_image sbi_new sbi_transition\" role=\"listitem\"\n\tid=\"sbi_18039073004807079\" data-date=\"1784180646\">\n\t<div class=\"sbi_photo_wrap\">\n\t\t<a class=\"sbi_photo\" href=\"https:\/\/www.instagram.com\/p\/Da16o2oo3_P\/\" target=\"_blank\" rel=\"noopener nofollow\"\n\t\t\tdata-full-res=\"https:\/\/scontent-fra5-1.cdninstagram.com\/v\/t51.82787-15\/748873832_18605413900014338_6103001113533355224_n.jpg?stp=dst-jpg_e35_tt6&_nc_cat=102&ccb=7-5&_nc_sid=18de74&efg=eyJlZmdfdGFnIjoiRkVFRC5iZXN0X2ltYWdlX3VybGdlbi5DMyJ9&_nc_ohc=0kOe6QUnXc0Q7kNvwH_KxvH&_nc_oc=Adp-6b7FSGmkWrxxLjeO0csyBhPAEkqnCV9tV_FPJrHydAH7vzJBUlycLvi8NAemqAE9tLVTP-LLbHLxdgVjaeSu&_nc_zt=23&_nc_ht=scontent-fra5-1.cdninstagram.com&edm=AM6HXa8EAAAA&_nc_gid=CJLa4woEBV4LputS89vx1Q&oh=00_AQLvBxkKMpzkCXVuZOH1YldvKKEHU6oEAV8Xz7AJ-KGVVQ&oe=6A9BF222\"\n\t\t\tdata-img-src-set=\"{&quot;d&quot;:&quot;https:\\\/\\\/scontent-fra5-1.cdninstagram.com\\\/v\\\/t51.82787-15\\\/748873832_18605413900014338_6103001113533355224_n.jpg?stp=dst-jpg_e35_tt6&amp;_nc_cat=102&amp;ccb=7-5&amp;_nc_sid=18de74&amp;efg=eyJlZmdfdGFnIjoiRkVFRC5iZXN0X2ltYWdlX3VybGdlbi5DMyJ9&amp;_nc_ohc=0kOe6QUnXc0Q7kNvwH_KxvH&amp;_nc_oc=Adp-6b7FSGmkWrxxLjeO0csyBhPAEkqnCV9tV_FPJrHydAH7vzJBUlycLvi8NAemqAE9tLVTP-LLbHLxdgVjaeSu&amp;_nc_zt=23&amp;_nc_ht=scontent-fra5-1.cdninstagram.com&amp;edm=AM6HXa8EAAAA&amp;_nc_gid=CJLa4woEBV4LputS89vx1Q&amp;oh=00_AQLvBxkKMpzkCXVuZOH1YldvKKEHU6oEAV8Xz7AJ-KGVVQ&amp;oe=6A9BF222&quot;,&quot;150&quot;:&quot;https:\\\/\\\/scontent-fra5-1.cdninstagram.com\\\/v\\\/t51.82787-15\\\/748873832_18605413900014338_6103001113533355224_n.jpg?stp=dst-jpg_e35_tt6&amp;_nc_cat=102&amp;ccb=7-5&amp;_nc_sid=18de74&amp;efg=eyJlZmdfdGFnIjoiRkVFRC5iZXN0X2ltYWdlX3VybGdlbi5DMyJ9&amp;_nc_ohc=0kOe6QUnXc0Q7kNvwH_KxvH&amp;_nc_oc=Adp-6b7FSGmkWrxxLjeO0csyBhPAEkqnCV9tV_FPJrHydAH7vzJBUlycLvi8NAemqAE9tLVTP-LLbHLxdgVjaeSu&amp;_nc_zt=23&amp;_nc_ht=scontent-fra5-1.cdninstagram.com&amp;edm=AM6HXa8EAAAA&amp;_nc_gid=CJLa4woEBV4LputS89vx1Q&amp;oh=00_AQLvBxkKMpzkCXVuZOH1YldvKKEHU6oEAV8Xz7AJ-KGVVQ&amp;oe=6A9BF222&quot;,&quot;320&quot;:&quot;https:\\\/\\\/scontent-fra5-1.cdninstagram.com\\\/v\\\/t51.82787-15\\\/748873832_18605413900014338_6103001113533355224_n.jpg?stp=dst-jpg_e35_tt6&amp;_nc_cat=102&amp;ccb=7-5&amp;_nc_sid=18de74&amp;efg=eyJlZmdfdGFnIjoiRkVFRC5iZXN0X2ltYWdlX3VybGdlbi5DMyJ9&amp;_nc_ohc=0kOe6QUnXc0Q7kNvwH_KxvH&amp;_nc_oc=Adp-6b7FSGmkWrxxLjeO0csyBhPAEkqnCV9tV_FPJrHydAH7vzJBUlycLvi8NAemqAE9tLVTP-LLbHLxdgVjaeSu&amp;_nc_zt=23&amp;_nc_ht=scontent-fra5-1.cdninstagram.com&amp;edm=AM6HXa8EAAAA&amp;_nc_gid=CJLa4woEBV4LputS89vx1Q&amp;oh=00_AQLvBxkKMpzkCXVuZOH1YldvKKEHU6oEAV8Xz7AJ-KGVVQ&amp;oe=6A9BF222&quot;,&quot;640&quot;:&quot;https:\\\/\\\/scontent-fra5-1.cdninstagram.com\\\/v\\\/t51.82787-15\\\/748873832_18605413900014338_6103001113533355224_n.jpg?stp=dst-jpg_e35_tt6&amp;_nc_cat=102&amp;ccb=7-5&amp;_nc_sid=18de74&amp;efg=eyJlZmdfdGFnIjoiRkVFRC5iZXN0X2ltYWdlX3VybGdlbi5DMyJ9&amp;_nc_ohc=0kOe6QUnXc0Q7kNvwH_KxvH&amp;_nc_oc=Adp-6b7FSGmkWrxxLjeO0csyBhPAEkqnCV9tV_FPJrHydAH7vzJBUlycLvi8NAemqAE9tLVTP-LLbHLxdgVjaeSu&amp;_nc_zt=23&amp;_nc_ht=scontent-fra5-1.cdninstagram.com&amp;edm=AM6HXa8EAAAA&amp;_nc_gid=CJLa4woEBV4LputS89vx1Q&amp;oh=00_AQLvBxkKMpzkCXVuZOH1YldvKKEHU6oEAV8Xz7AJ-KGVVQ&amp;oe=6A9BF222&quot;}\">\n\t\t\t<span class=\"sbi-screenreader\">No pot ser que a Barcelona es mengi ramen tot l\u2019an<\/span>\n\t\t\t\t\t\t\t\t\t<img data-recalc-dims=\"1\" decoding=\"async\" src=\"https:\/\/i0.wp.com\/www.restaurantestevet.com\/wp-content\/plugins\/instagram-feed\/img\/placeholder.png?w=1080&#038;ssl=1\" alt=\"No pot ser que a Barcelona es mengi ramen tot l\u2019any i sembli impossible trobar una bona escudella. A L\u2019Estevet ens rebel\u00b7lem: la tenim a punt tots els dimecres de l\u2019any i, aix\u00ed que arriba el fred, cada dia.#escudellaicarndolla #cuinacatalana\" aria-hidden=\"true\">\n\t\t<\/a>\n\t<\/div>\n<\/div><div class=\"sbi_item sbi_type_video sbi_new sbi_transition\" role=\"listitem\"\n\tid=\"sbi_17945044833027473\" data-date=\"1782247182\">\n\t<div class=\"sbi_photo_wrap\">\n\t\t<a class=\"sbi_photo\" href=\"https:\/\/www.instagram.com\/reel\/DZ8S5Gto7kA\/\" target=\"_blank\" rel=\"noopener nofollow\"\n\t\t\tdata-full-res=\"https:\/\/scontent-fra5-1.cdninstagram.com\/v\/t51.71878-15\/731465301_1708842340352523_3298397251339320354_n.jpg?stp=dst-jpg_e35_tt6&_nc_cat=102&ccb=7-5&_nc_sid=18de74&efg=eyJlZmdfdGFnIjoiQ0xJUFMuYmVzdF9pbWFnZV91cmxnZW4uQzMifQ%3D%3D&_nc_ohc=ks_7fyNUWiwQ7kNvwH6hItK&_nc_oc=AdqErl_eZm-tEgJaMJbukYOb4G2ix4r9nmQvkqNnhoQfZKOxYJqBsXZ-DaPzDC0orIh1jx8wqTjBmdswrkgHFVef&_nc_zt=23&_nc_ht=scontent-fra5-1.cdninstagram.com&edm=AM6HXa8EAAAA&_nc_gid=CJLa4woEBV4LputS89vx1Q&_nc_tpa=Q5bMBQJ2ESGAddCwJGrtaatiJfrP9QHa2aMYsVwByE1WOWeUws-pgIDZyagzyPKE9KB0hjUxHd0ke-HD&oh=00_AQKObs7yG-4jgM_ebXBos6tDNRfHwh3FhrwT9VfJ05oXpA&oe=6A9C042B\"\n\t\t\tdata-img-src-set=\"{&quot;d&quot;:&quot;https:\\\/\\\/scontent-fra5-1.cdninstagram.com\\\/v\\\/t51.71878-15\\\/731465301_1708842340352523_3298397251339320354_n.jpg?stp=dst-jpg_e35_tt6&amp;_nc_cat=102&amp;ccb=7-5&amp;_nc_sid=18de74&amp;efg=eyJlZmdfdGFnIjoiQ0xJUFMuYmVzdF9pbWFnZV91cmxnZW4uQzMifQ%3D%3D&amp;_nc_ohc=ks_7fyNUWiwQ7kNvwH6hItK&amp;_nc_oc=AdqErl_eZm-tEgJaMJbukYOb4G2ix4r9nmQvkqNnhoQfZKOxYJqBsXZ-DaPzDC0orIh1jx8wqTjBmdswrkgHFVef&amp;_nc_zt=23&amp;_nc_ht=scontent-fra5-1.cdninstagram.com&amp;edm=AM6HXa8EAAAA&amp;_nc_gid=CJLa4woEBV4LputS89vx1Q&amp;_nc_tpa=Q5bMBQJ2ESGAddCwJGrtaatiJfrP9QHa2aMYsVwByE1WOWeUws-pgIDZyagzyPKE9KB0hjUxHd0ke-HD&amp;oh=00_AQKObs7yG-4jgM_ebXBos6tDNRfHwh3FhrwT9VfJ05oXpA&amp;oe=6A9C042B&quot;,&quot;150&quot;:&quot;https:\\\/\\\/scontent-fra5-1.cdninstagram.com\\\/v\\\/t51.71878-15\\\/731465301_1708842340352523_3298397251339320354_n.jpg?stp=dst-jpg_e35_tt6&amp;_nc_cat=102&amp;ccb=7-5&amp;_nc_sid=18de74&amp;efg=eyJlZmdfdGFnIjoiQ0xJUFMuYmVzdF9pbWFnZV91cmxnZW4uQzMifQ%3D%3D&amp;_nc_ohc=ks_7fyNUWiwQ7kNvwH6hItK&amp;_nc_oc=AdqErl_eZm-tEgJaMJbukYOb4G2ix4r9nmQvkqNnhoQfZKOxYJqBsXZ-DaPzDC0orIh1jx8wqTjBmdswrkgHFVef&amp;_nc_zt=23&amp;_nc_ht=scontent-fra5-1.cdninstagram.com&amp;edm=AM6HXa8EAAAA&amp;_nc_gid=CJLa4woEBV4LputS89vx1Q&amp;_nc_tpa=Q5bMBQJ2ESGAddCwJGrtaatiJfrP9QHa2aMYsVwByE1WOWeUws-pgIDZyagzyPKE9KB0hjUxHd0ke-HD&amp;oh=00_AQKObs7yG-4jgM_ebXBos6tDNRfHwh3FhrwT9VfJ05oXpA&amp;oe=6A9C042B&quot;,&quot;320&quot;:&quot;https:\\\/\\\/scontent-fra5-1.cdninstagram.com\\\/v\\\/t51.71878-15\\\/731465301_1708842340352523_3298397251339320354_n.jpg?stp=dst-jpg_e35_tt6&amp;_nc_cat=102&amp;ccb=7-5&amp;_nc_sid=18de74&amp;efg=eyJlZmdfdGFnIjoiQ0xJUFMuYmVzdF9pbWFnZV91cmxnZW4uQzMifQ%3D%3D&amp;_nc_ohc=ks_7fyNUWiwQ7kNvwH6hItK&amp;_nc_oc=AdqErl_eZm-tEgJaMJbukYOb4G2ix4r9nmQvkqNnhoQfZKOxYJqBsXZ-DaPzDC0orIh1jx8wqTjBmdswrkgHFVef&amp;_nc_zt=23&amp;_nc_ht=scontent-fra5-1.cdninstagram.com&amp;edm=AM6HXa8EAAAA&amp;_nc_gid=CJLa4woEBV4LputS89vx1Q&amp;_nc_tpa=Q5bMBQJ2ESGAddCwJGrtaatiJfrP9QHa2aMYsVwByE1WOWeUws-pgIDZyagzyPKE9KB0hjUxHd0ke-HD&amp;oh=00_AQKObs7yG-4jgM_ebXBos6tDNRfHwh3FhrwT9VfJ05oXpA&amp;oe=6A9C042B&quot;,&quot;640&quot;:&quot;https:\\\/\\\/scontent-fra5-1.cdninstagram.com\\\/v\\\/t51.71878-15\\\/731465301_1708842340352523_3298397251339320354_n.jpg?stp=dst-jpg_e35_tt6&amp;_nc_cat=102&amp;ccb=7-5&amp;_nc_sid=18de74&amp;efg=eyJlZmdfdGFnIjoiQ0xJUFMuYmVzdF9pbWFnZV91cmxnZW4uQzMifQ%3D%3D&amp;_nc_ohc=ks_7fyNUWiwQ7kNvwH6hItK&amp;_nc_oc=AdqErl_eZm-tEgJaMJbukYOb4G2ix4r9nmQvkqNnhoQfZKOxYJqBsXZ-DaPzDC0orIh1jx8wqTjBmdswrkgHFVef&amp;_nc_zt=23&amp;_nc_ht=scontent-fra5-1.cdninstagram.com&amp;edm=AM6HXa8EAAAA&amp;_nc_gid=CJLa4woEBV4LputS89vx1Q&amp;_nc_tpa=Q5bMBQJ2ESGAddCwJGrtaatiJfrP9QHa2aMYsVwByE1WOWeUws-pgIDZyagzyPKE9KB0hjUxHd0ke-HD&amp;oh=00_AQKObs7yG-4jgM_ebXBos6tDNRfHwh3FhrwT9VfJ05oXpA&amp;oe=6A9C042B&quot;}\">\n\t\t\t<span class=\"sbi-screenreader\">Qui enc\u00e9n foc per Sant Joan, no es crema en tot l&#039;<\/span>\n\t\t\t\t\t\t<svg style=\"color: rgba(255,255,255,1)\" class=\"svg-inline--fa fa-play fa-w-14 sbi_playbtn\" aria-label=\"Play\" aria-hidden=\"true\" data-fa-processed=\"\" data-prefix=\"fa\" data-icon=\"play\" role=\"presentation\" xmlns=\"http:\/\/www.w3.org\/2000\/svg\" viewBox=\"0 0 448 512\"><path fill=\"currentColor\" d=\"M424.4 214.7L72.4 6.6C43.8-10.3 0 6.1 0 47.9V464c0 37.5 40.7 60.1 72.4 41.3l352-208c31.4-18.5 31.5-64.1 0-82.6z\"><\/path><\/svg>\t\t\t<img data-recalc-dims=\"1\" decoding=\"async\" src=\"https:\/\/i0.wp.com\/www.restaurantestevet.com\/wp-content\/plugins\/instagram-feed\/img\/placeholder.png?w=1080&#038;ssl=1\" alt=\"Qui enc\u00e9n foc per Sant Joan, no es crema en tot l&#039;any.\" aria-hidden=\"true\">\n\t\t<\/a>\n\t<\/div>\n<\/div><div class=\"sbi_item sbi_type_image sbi_new sbi_transition\" role=\"listitem\"\n\tid=\"sbi_18183230653352886\" data-date=\"1781642715\">\n\t<div class=\"sbi_photo_wrap\">\n\t\t<a class=\"sbi_photo\" href=\"https:\/\/www.instagram.com\/p\/DZqR8JyIx1E\/\" target=\"_blank\" rel=\"noopener nofollow\"\n\t\t\tdata-full-res=\"https:\/\/scontent-fra5-2.cdninstagram.com\/v\/t51.82787-15\/726231317_18596133058014338_6547791412092192857_n.jpg?stp=dst-jpg_e35_tt6&_nc_cat=106&ccb=7-5&_nc_sid=18de74&efg=eyJlZmdfdGFnIjoiRkVFRC5iZXN0X2ltYWdlX3VybGdlbi5DMyJ9&_nc_ohc=i_rQsfvQoS4Q7kNvwGrg3L5&_nc_oc=AdrjJCdekS6C5WSvv8NjVrvmFakGpJN5J116vXDGMwp-YmvP5wmY3HYBPXXJsD1zs96XHL2Dfknp5ajYKGrfTxyn&_nc_zt=23&_nc_ht=scontent-fra5-2.cdninstagram.com&edm=AM6HXa8EAAAA&_nc_gid=CJLa4woEBV4LputS89vx1Q&oh=00_AQImeZfQrW9xTnnbtRVdCC_wrucywP8uodOA3mPGI0BS4w&oe=6A9BF70A\"\n\t\t\tdata-img-src-set=\"{&quot;d&quot;:&quot;https:\\\/\\\/scontent-fra5-2.cdninstagram.com\\\/v\\\/t51.82787-15\\\/726231317_18596133058014338_6547791412092192857_n.jpg?stp=dst-jpg_e35_tt6&amp;_nc_cat=106&amp;ccb=7-5&amp;_nc_sid=18de74&amp;efg=eyJlZmdfdGFnIjoiRkVFRC5iZXN0X2ltYWdlX3VybGdlbi5DMyJ9&amp;_nc_ohc=i_rQsfvQoS4Q7kNvwGrg3L5&amp;_nc_oc=AdrjJCdekS6C5WSvv8NjVrvmFakGpJN5J116vXDGMwp-YmvP5wmY3HYBPXXJsD1zs96XHL2Dfknp5ajYKGrfTxyn&amp;_nc_zt=23&amp;_nc_ht=scontent-fra5-2.cdninstagram.com&amp;edm=AM6HXa8EAAAA&amp;_nc_gid=CJLa4woEBV4LputS89vx1Q&amp;oh=00_AQImeZfQrW9xTnnbtRVdCC_wrucywP8uodOA3mPGI0BS4w&amp;oe=6A9BF70A&quot;,&quot;150&quot;:&quot;https:\\\/\\\/scontent-fra5-2.cdninstagram.com\\\/v\\\/t51.82787-15\\\/726231317_18596133058014338_6547791412092192857_n.jpg?stp=dst-jpg_e35_tt6&amp;_nc_cat=106&amp;ccb=7-5&amp;_nc_sid=18de74&amp;efg=eyJlZmdfdGFnIjoiRkVFRC5iZXN0X2ltYWdlX3VybGdlbi5DMyJ9&amp;_nc_ohc=i_rQsfvQoS4Q7kNvwGrg3L5&amp;_nc_oc=AdrjJCdekS6C5WSvv8NjVrvmFakGpJN5J116vXDGMwp-YmvP5wmY3HYBPXXJsD1zs96XHL2Dfknp5ajYKGrfTxyn&amp;_nc_zt=23&amp;_nc_ht=scontent-fra5-2.cdninstagram.com&amp;edm=AM6HXa8EAAAA&amp;_nc_gid=CJLa4woEBV4LputS89vx1Q&amp;oh=00_AQImeZfQrW9xTnnbtRVdCC_wrucywP8uodOA3mPGI0BS4w&amp;oe=6A9BF70A&quot;,&quot;320&quot;:&quot;https:\\\/\\\/scontent-fra5-2.cdninstagram.com\\\/v\\\/t51.82787-15\\\/726231317_18596133058014338_6547791412092192857_n.jpg?stp=dst-jpg_e35_tt6&amp;_nc_cat=106&amp;ccb=7-5&amp;_nc_sid=18de74&amp;efg=eyJlZmdfdGFnIjoiRkVFRC5iZXN0X2ltYWdlX3VybGdlbi5DMyJ9&amp;_nc_ohc=i_rQsfvQoS4Q7kNvwGrg3L5&amp;_nc_oc=AdrjJCdekS6C5WSvv8NjVrvmFakGpJN5J116vXDGMwp-YmvP5wmY3HYBPXXJsD1zs96XHL2Dfknp5ajYKGrfTxyn&amp;_nc_zt=23&amp;_nc_ht=scontent-fra5-2.cdninstagram.com&amp;edm=AM6HXa8EAAAA&amp;_nc_gid=CJLa4woEBV4LputS89vx1Q&amp;oh=00_AQImeZfQrW9xTnnbtRVdCC_wrucywP8uodOA3mPGI0BS4w&amp;oe=6A9BF70A&quot;,&quot;640&quot;:&quot;https:\\\/\\\/scontent-fra5-2.cdninstagram.com\\\/v\\\/t51.82787-15\\\/726231317_18596133058014338_6547791412092192857_n.jpg?stp=dst-jpg_e35_tt6&amp;_nc_cat=106&amp;ccb=7-5&amp;_nc_sid=18de74&amp;efg=eyJlZmdfdGFnIjoiRkVFRC5iZXN0X2ltYWdlX3VybGdlbi5DMyJ9&amp;_nc_ohc=i_rQsfvQoS4Q7kNvwGrg3L5&amp;_nc_oc=AdrjJCdekS6C5WSvv8NjVrvmFakGpJN5J116vXDGMwp-YmvP5wmY3HYBPXXJsD1zs96XHL2Dfknp5ajYKGrfTxyn&amp;_nc_zt=23&amp;_nc_ht=scontent-fra5-2.cdninstagram.com&amp;edm=AM6HXa8EAAAA&amp;_nc_gid=CJLa4woEBV4LputS89vx1Q&amp;oh=00_AQImeZfQrW9xTnnbtRVdCC_wrucywP8uodOA3mPGI0BS4w&amp;oe=6A9BF70A&quot;}\">\n\t\t\t<span class=\"sbi-screenreader\">Els calamars farcits s\u00f3n un pilar de la nostra cui<\/span>\n\t\t\t\t\t\t\t\t\t<img data-recalc-dims=\"1\" decoding=\"async\" src=\"https:\/\/i0.wp.com\/www.restaurantestevet.com\/wp-content\/plugins\/instagram-feed\/img\/placeholder.png?w=1080&#038;ssl=1\" alt=\"Els calamars farcits s\u00f3n un pilar de la nostra cuina des de la meva infantesa a Casa Agust\u00ed. Aquest plat em transporta a l\u2019estades a Cala Canyelles i al restaurant Bahia de Tossa de Mar , on la Camila \u2014\u00e0nima culin\u00e0ria de Tossa\u2014 preparava la seva versi\u00f3, distingida per un toc gener\u00f3s de xocolata a la salsa.\nAnys m\u00e9s tard, el programa Bona Cuina em va portar de nou a Tossa per documentar el cim i tomba, un cl\u00e0ssic mariner que ella dominava a la perfecci\u00f3. Despr\u00e9s, amb la Bea, sempre hi deman\u00e0vem calamars farcits o a la planxa; aquests \u00faltims els feien &quot;a la bruta&quot; \u2014que m&#039;encanten\u2014, on es concentren tots els sabors del mar.#calamarsfarcits\" aria-hidden=\"true\">\n\t\t<\/a>\n\t<\/div>\n<\/div><div class=\"sbi_item sbi_type_image sbi_new sbi_transition\" role=\"listitem\"\n\tid=\"sbi_17943262998214623\" data-date=\"1780941724\">\n\t<div class=\"sbi_photo_wrap\">\n\t\t<a class=\"sbi_photo\" href=\"https:\/\/www.instagram.com\/p\/DZVY-fqo-IO\/\" target=\"_blank\" rel=\"noopener nofollow\"\n\t\t\tdata-full-res=\"https:\/\/scontent-fra5-2.cdninstagram.com\/v\/t51.82787-15\/721208397_18593826241014338_6676054080963020498_n.jpg?stp=dst-jpg_e35_tt6&_nc_cat=107&ccb=7-5&_nc_sid=18de74&efg=eyJlZmdfdGFnIjoiRkVFRC5iZXN0X2ltYWdlX3VybGdlbi5DMyJ9&_nc_ohc=wrxzQWdRet4Q7kNvwF7bJLW&_nc_oc=AdryCfpH1hGg5sQgHj3vgyEI0tCulG-RXKLpDddjI1lQsfpa1AtptWGxTM45n9UjBA98ikD8xiD2TTH2G-trIm32&_nc_zt=23&_nc_ht=scontent-fra5-2.cdninstagram.com&edm=AM6HXa8EAAAA&_nc_gid=CJLa4woEBV4LputS89vx1Q&oh=00_AQJOuh4sBqd8_RGWIYW1MYwtx6iJTb-a58DCyueuva214A&oe=6A9BDA95\"\n\t\t\tdata-img-src-set=\"{&quot;d&quot;:&quot;https:\\\/\\\/scontent-fra5-2.cdninstagram.com\\\/v\\\/t51.82787-15\\\/721208397_18593826241014338_6676054080963020498_n.jpg?stp=dst-jpg_e35_tt6&amp;_nc_cat=107&amp;ccb=7-5&amp;_nc_sid=18de74&amp;efg=eyJlZmdfdGFnIjoiRkVFRC5iZXN0X2ltYWdlX3VybGdlbi5DMyJ9&amp;_nc_ohc=wrxzQWdRet4Q7kNvwF7bJLW&amp;_nc_oc=AdryCfpH1hGg5sQgHj3vgyEI0tCulG-RXKLpDddjI1lQsfpa1AtptWGxTM45n9UjBA98ikD8xiD2TTH2G-trIm32&amp;_nc_zt=23&amp;_nc_ht=scontent-fra5-2.cdninstagram.com&amp;edm=AM6HXa8EAAAA&amp;_nc_gid=CJLa4woEBV4LputS89vx1Q&amp;oh=00_AQJOuh4sBqd8_RGWIYW1MYwtx6iJTb-a58DCyueuva214A&amp;oe=6A9BDA95&quot;,&quot;150&quot;:&quot;https:\\\/\\\/scontent-fra5-2.cdninstagram.com\\\/v\\\/t51.82787-15\\\/721208397_18593826241014338_6676054080963020498_n.jpg?stp=dst-jpg_e35_tt6&amp;_nc_cat=107&amp;ccb=7-5&amp;_nc_sid=18de74&amp;efg=eyJlZmdfdGFnIjoiRkVFRC5iZXN0X2ltYWdlX3VybGdlbi5DMyJ9&amp;_nc_ohc=wrxzQWdRet4Q7kNvwF7bJLW&amp;_nc_oc=AdryCfpH1hGg5sQgHj3vgyEI0tCulG-RXKLpDddjI1lQsfpa1AtptWGxTM45n9UjBA98ikD8xiD2TTH2G-trIm32&amp;_nc_zt=23&amp;_nc_ht=scontent-fra5-2.cdninstagram.com&amp;edm=AM6HXa8EAAAA&amp;_nc_gid=CJLa4woEBV4LputS89vx1Q&amp;oh=00_AQJOuh4sBqd8_RGWIYW1MYwtx6iJTb-a58DCyueuva214A&amp;oe=6A9BDA95&quot;,&quot;320&quot;:&quot;https:\\\/\\\/scontent-fra5-2.cdninstagram.com\\\/v\\\/t51.82787-15\\\/721208397_18593826241014338_6676054080963020498_n.jpg?stp=dst-jpg_e35_tt6&amp;_nc_cat=107&amp;ccb=7-5&amp;_nc_sid=18de74&amp;efg=eyJlZmdfdGFnIjoiRkVFRC5iZXN0X2ltYWdlX3VybGdlbi5DMyJ9&amp;_nc_ohc=wrxzQWdRet4Q7kNvwF7bJLW&amp;_nc_oc=AdryCfpH1hGg5sQgHj3vgyEI0tCulG-RXKLpDddjI1lQsfpa1AtptWGxTM45n9UjBA98ikD8xiD2TTH2G-trIm32&amp;_nc_zt=23&amp;_nc_ht=scontent-fra5-2.cdninstagram.com&amp;edm=AM6HXa8EAAAA&amp;_nc_gid=CJLa4woEBV4LputS89vx1Q&amp;oh=00_AQJOuh4sBqd8_RGWIYW1MYwtx6iJTb-a58DCyueuva214A&amp;oe=6A9BDA95&quot;,&quot;640&quot;:&quot;https:\\\/\\\/scontent-fra5-2.cdninstagram.com\\\/v\\\/t51.82787-15\\\/721208397_18593826241014338_6676054080963020498_n.jpg?stp=dst-jpg_e35_tt6&amp;_nc_cat=107&amp;ccb=7-5&amp;_nc_sid=18de74&amp;efg=eyJlZmdfdGFnIjoiRkVFRC5iZXN0X2ltYWdlX3VybGdlbi5DMyJ9&amp;_nc_ohc=wrxzQWdRet4Q7kNvwF7bJLW&amp;_nc_oc=AdryCfpH1hGg5sQgHj3vgyEI0tCulG-RXKLpDddjI1lQsfpa1AtptWGxTM45n9UjBA98ikD8xiD2TTH2G-trIm32&amp;_nc_zt=23&amp;_nc_ht=scontent-fra5-2.cdninstagram.com&amp;edm=AM6HXa8EAAAA&amp;_nc_gid=CJLa4woEBV4LputS89vx1Q&amp;oh=00_AQJOuh4sBqd8_RGWIYW1MYwtx6iJTb-a58DCyueuva214A&amp;oe=6A9BDA95&quot;}\">\n\t\t\t<span class=\"sbi-screenreader\">#estevetbarcelona #cuinacatalana #cuinatradicional<\/span>\n\t\t\t\t\t\t\t\t\t<img data-recalc-dims=\"1\" decoding=\"async\" src=\"https:\/\/i0.wp.com\/www.restaurantestevet.com\/wp-content\/plugins\/instagram-feed\/img\/placeholder.png?w=1080&#038;ssl=1\" alt=\"#estevetbarcelona #cuinacatalana #cuinatradicional #capipotaambcigrons #anecalataronja\" aria-hidden=\"true\">\n\t\t<\/a>\n\t<\/div>\n<\/div><div class=\"sbi_item sbi_type_image sbi_new sbi_transition\" role=\"listitem\"\n\tid=\"sbi_18411854710194628\" data-date=\"1780940143\">\n\t<div class=\"sbi_photo_wrap\">\n\t\t<a class=\"sbi_photo\" href=\"https:\/\/www.instagram.com\/p\/DZVV7fxIWIs\/\" target=\"_blank\" rel=\"noopener nofollow\"\n\t\t\tdata-full-res=\"https:\/\/scontent-fra5-1.cdninstagram.com\/v\/t51.82787-15\/719189449_18593821219014338_85578300472159982_n.jpg?stp=dst-jpg_e35_tt6&_nc_cat=102&ccb=7-5&_nc_sid=18de74&efg=eyJlZmdfdGFnIjoiRkVFRC5iZXN0X2ltYWdlX3VybGdlbi5DMyJ9&_nc_ohc=LT3vl9l7OFsQ7kNvwFRIwrW&_nc_oc=AdqOS3hNT44CHjaVci-15twBneCLX1V209afyFVJeywt2DbX4cBmanbSBJ2j0YUJPVYRtlEbsweaFKvUUofvApgb&_nc_zt=23&_nc_ht=scontent-fra5-1.cdninstagram.com&edm=AM6HXa8EAAAA&_nc_gid=CJLa4woEBV4LputS89vx1Q&oh=00_AQIRtc-DdpzNgoBF1Ks5Ut9SJYMyPjPGNz7RSepUeFRLzA&oe=6A9C017E\"\n\t\t\tdata-img-src-set=\"{&quot;d&quot;:&quot;https:\\\/\\\/scontent-fra5-1.cdninstagram.com\\\/v\\\/t51.82787-15\\\/719189449_18593821219014338_85578300472159982_n.jpg?stp=dst-jpg_e35_tt6&amp;_nc_cat=102&amp;ccb=7-5&amp;_nc_sid=18de74&amp;efg=eyJlZmdfdGFnIjoiRkVFRC5iZXN0X2ltYWdlX3VybGdlbi5DMyJ9&amp;_nc_ohc=LT3vl9l7OFsQ7kNvwFRIwrW&amp;_nc_oc=AdqOS3hNT44CHjaVci-15twBneCLX1V209afyFVJeywt2DbX4cBmanbSBJ2j0YUJPVYRtlEbsweaFKvUUofvApgb&amp;_nc_zt=23&amp;_nc_ht=scontent-fra5-1.cdninstagram.com&amp;edm=AM6HXa8EAAAA&amp;_nc_gid=CJLa4woEBV4LputS89vx1Q&amp;oh=00_AQIRtc-DdpzNgoBF1Ks5Ut9SJYMyPjPGNz7RSepUeFRLzA&amp;oe=6A9C017E&quot;,&quot;150&quot;:&quot;https:\\\/\\\/scontent-fra5-1.cdninstagram.com\\\/v\\\/t51.82787-15\\\/719189449_18593821219014338_85578300472159982_n.jpg?stp=dst-jpg_e35_tt6&amp;_nc_cat=102&amp;ccb=7-5&amp;_nc_sid=18de74&amp;efg=eyJlZmdfdGFnIjoiRkVFRC5iZXN0X2ltYWdlX3VybGdlbi5DMyJ9&amp;_nc_ohc=LT3vl9l7OFsQ7kNvwFRIwrW&amp;_nc_oc=AdqOS3hNT44CHjaVci-15twBneCLX1V209afyFVJeywt2DbX4cBmanbSBJ2j0YUJPVYRtlEbsweaFKvUUofvApgb&amp;_nc_zt=23&amp;_nc_ht=scontent-fra5-1.cdninstagram.com&amp;edm=AM6HXa8EAAAA&amp;_nc_gid=CJLa4woEBV4LputS89vx1Q&amp;oh=00_AQIRtc-DdpzNgoBF1Ks5Ut9SJYMyPjPGNz7RSepUeFRLzA&amp;oe=6A9C017E&quot;,&quot;320&quot;:&quot;https:\\\/\\\/scontent-fra5-1.cdninstagram.com\\\/v\\\/t51.82787-15\\\/719189449_18593821219014338_85578300472159982_n.jpg?stp=dst-jpg_e35_tt6&amp;_nc_cat=102&amp;ccb=7-5&amp;_nc_sid=18de74&amp;efg=eyJlZmdfdGFnIjoiRkVFRC5iZXN0X2ltYWdlX3VybGdlbi5DMyJ9&amp;_nc_ohc=LT3vl9l7OFsQ7kNvwFRIwrW&amp;_nc_oc=AdqOS3hNT44CHjaVci-15twBneCLX1V209afyFVJeywt2DbX4cBmanbSBJ2j0YUJPVYRtlEbsweaFKvUUofvApgb&amp;_nc_zt=23&amp;_nc_ht=scontent-fra5-1.cdninstagram.com&amp;edm=AM6HXa8EAAAA&amp;_nc_gid=CJLa4woEBV4LputS89vx1Q&amp;oh=00_AQIRtc-DdpzNgoBF1Ks5Ut9SJYMyPjPGNz7RSepUeFRLzA&amp;oe=6A9C017E&quot;,&quot;640&quot;:&quot;https:\\\/\\\/scontent-fra5-1.cdninstagram.com\\\/v\\\/t51.82787-15\\\/719189449_18593821219014338_85578300472159982_n.jpg?stp=dst-jpg_e35_tt6&amp;_nc_cat=102&amp;ccb=7-5&amp;_nc_sid=18de74&amp;efg=eyJlZmdfdGFnIjoiRkVFRC5iZXN0X2ltYWdlX3VybGdlbi5DMyJ9&amp;_nc_ohc=LT3vl9l7OFsQ7kNvwFRIwrW&amp;_nc_oc=AdqOS3hNT44CHjaVci-15twBneCLX1V209afyFVJeywt2DbX4cBmanbSBJ2j0YUJPVYRtlEbsweaFKvUUofvApgb&amp;_nc_zt=23&amp;_nc_ht=scontent-fra5-1.cdninstagram.com&amp;edm=AM6HXa8EAAAA&amp;_nc_gid=CJLa4woEBV4LputS89vx1Q&amp;oh=00_AQIRtc-DdpzNgoBF1Ks5Ut9SJYMyPjPGNz7RSepUeFRLzA&amp;oe=6A9C017E&quot;}\">\n\t\t\t<span class=\"sbi-screenreader\">Cap i pota amb cigrons i \u00e0nec del Llu\u00e7an\u00e8s a la ta<\/span>\n\t\t\t\t\t\t\t\t\t<img data-recalc-dims=\"1\" decoding=\"async\" src=\"https:\/\/i0.wp.com\/www.restaurantestevet.com\/wp-content\/plugins\/instagram-feed\/img\/placeholder.png?w=1080&#038;ssl=1\" alt=\"Cap i pota amb cigrons i \u00e0nec del Llu\u00e7an\u00e8s a la taronja d\u2019avui\n\n#estevetbarcelona #cuinacatalana #cuinatradicional #capipotaambcigrons #anecalataronja\" aria-hidden=\"true\">\n\t\t<\/a>\n\t<\/div>\n<\/div><div class=\"sbi_item sbi_type_video sbi_new sbi_transition\" role=\"listitem\"\n\tid=\"sbi_18090276479618856\" data-date=\"1780592869\">\n\t<div class=\"sbi_photo_wrap\">\n\t\t<a class=\"sbi_photo\" href=\"https:\/\/www.instagram.com\/reel\/DZK_kO8ouez\/\" target=\"_blank\" rel=\"noopener nofollow\"\n\t\t\tdata-full-res=\"https:\/\/scontent-fra3-2.cdninstagram.com\/v\/t51.71878-15\/715455902_1010492501974875_9109458119127389221_n.jpg?stp=dst-jpg_e35_tt6&_nc_cat=111&ccb=7-5&_nc_sid=18de74&efg=eyJlZmdfdGFnIjoiQ0xJUFMuYmVzdF9pbWFnZV91cmxnZW4uQzMifQ%3D%3D&_nc_ohc=JXpTArFFwugQ7kNvwFj1nb1&_nc_oc=AdrwYX8C59q1sqNte2OqpQ1kVD6CYnEDIy8rpjpZxElRKi-5vvl_ziL8OGRwXAqIjL0EBCTiSXGqSYgeqlFDx2u_&_nc_zt=23&_nc_ht=scontent-fra3-2.cdninstagram.com&edm=AM6HXa8EAAAA&_nc_gid=CJLa4woEBV4LputS89vx1Q&_nc_tpa=Q5bMBQIRVQfXF_p1jOWmwPsnxrvbv5s8TwiszmqBDLbxVhjdbzqbETlm91RCM8thWAFaq46gm7RtPIIm&oh=00_AQJzypjTMugdvmfVzTxRDAEmJXwbgLfV4W3tQ66gzLj5sg&oe=6A9BD867\"\n\t\t\tdata-img-src-set=\"{&quot;d&quot;:&quot;https:\\\/\\\/scontent-fra3-2.cdninstagram.com\\\/v\\\/t51.71878-15\\\/715455902_1010492501974875_9109458119127389221_n.jpg?stp=dst-jpg_e35_tt6&amp;_nc_cat=111&amp;ccb=7-5&amp;_nc_sid=18de74&amp;efg=eyJlZmdfdGFnIjoiQ0xJUFMuYmVzdF9pbWFnZV91cmxnZW4uQzMifQ%3D%3D&amp;_nc_ohc=JXpTArFFwugQ7kNvwFj1nb1&amp;_nc_oc=AdrwYX8C59q1sqNte2OqpQ1kVD6CYnEDIy8rpjpZxElRKi-5vvl_ziL8OGRwXAqIjL0EBCTiSXGqSYgeqlFDx2u_&amp;_nc_zt=23&amp;_nc_ht=scontent-fra3-2.cdninstagram.com&amp;edm=AM6HXa8EAAAA&amp;_nc_gid=CJLa4woEBV4LputS89vx1Q&amp;_nc_tpa=Q5bMBQIRVQfXF_p1jOWmwPsnxrvbv5s8TwiszmqBDLbxVhjdbzqbETlm91RCM8thWAFaq46gm7RtPIIm&amp;oh=00_AQJzypjTMugdvmfVzTxRDAEmJXwbgLfV4W3tQ66gzLj5sg&amp;oe=6A9BD867&quot;,&quot;150&quot;:&quot;https:\\\/\\\/scontent-fra3-2.cdninstagram.com\\\/v\\\/t51.71878-15\\\/715455902_1010492501974875_9109458119127389221_n.jpg?stp=dst-jpg_e35_tt6&amp;_nc_cat=111&amp;ccb=7-5&amp;_nc_sid=18de74&amp;efg=eyJlZmdfdGFnIjoiQ0xJUFMuYmVzdF9pbWFnZV91cmxnZW4uQzMifQ%3D%3D&amp;_nc_ohc=JXpTArFFwugQ7kNvwFj1nb1&amp;_nc_oc=AdrwYX8C59q1sqNte2OqpQ1kVD6CYnEDIy8rpjpZxElRKi-5vvl_ziL8OGRwXAqIjL0EBCTiSXGqSYgeqlFDx2u_&amp;_nc_zt=23&amp;_nc_ht=scontent-fra3-2.cdninstagram.com&amp;edm=AM6HXa8EAAAA&amp;_nc_gid=CJLa4woEBV4LputS89vx1Q&amp;_nc_tpa=Q5bMBQIRVQfXF_p1jOWmwPsnxrvbv5s8TwiszmqBDLbxVhjdbzqbETlm91RCM8thWAFaq46gm7RtPIIm&amp;oh=00_AQJzypjTMugdvmfVzTxRDAEmJXwbgLfV4W3tQ66gzLj5sg&amp;oe=6A9BD867&quot;,&quot;320&quot;:&quot;https:\\\/\\\/scontent-fra3-2.cdninstagram.com\\\/v\\\/t51.71878-15\\\/715455902_1010492501974875_9109458119127389221_n.jpg?stp=dst-jpg_e35_tt6&amp;_nc_cat=111&amp;ccb=7-5&amp;_nc_sid=18de74&amp;efg=eyJlZmdfdGFnIjoiQ0xJUFMuYmVzdF9pbWFnZV91cmxnZW4uQzMifQ%3D%3D&amp;_nc_ohc=JXpTArFFwugQ7kNvwFj1nb1&amp;_nc_oc=AdrwYX8C59q1sqNte2OqpQ1kVD6CYnEDIy8rpjpZxElRKi-5vvl_ziL8OGRwXAqIjL0EBCTiSXGqSYgeqlFDx2u_&amp;_nc_zt=23&amp;_nc_ht=scontent-fra3-2.cdninstagram.com&amp;edm=AM6HXa8EAAAA&amp;_nc_gid=CJLa4woEBV4LputS89vx1Q&amp;_nc_tpa=Q5bMBQIRVQfXF_p1jOWmwPsnxrvbv5s8TwiszmqBDLbxVhjdbzqbETlm91RCM8thWAFaq46gm7RtPIIm&amp;oh=00_AQJzypjTMugdvmfVzTxRDAEmJXwbgLfV4W3tQ66gzLj5sg&amp;oe=6A9BD867&quot;,&quot;640&quot;:&quot;https:\\\/\\\/scontent-fra3-2.cdninstagram.com\\\/v\\\/t51.71878-15\\\/715455902_1010492501974875_9109458119127389221_n.jpg?stp=dst-jpg_e35_tt6&amp;_nc_cat=111&amp;ccb=7-5&amp;_nc_sid=18de74&amp;efg=eyJlZmdfdGFnIjoiQ0xJUFMuYmVzdF9pbWFnZV91cmxnZW4uQzMifQ%3D%3D&amp;_nc_ohc=JXpTArFFwugQ7kNvwFj1nb1&amp;_nc_oc=AdrwYX8C59q1sqNte2OqpQ1kVD6CYnEDIy8rpjpZxElRKi-5vvl_ziL8OGRwXAqIjL0EBCTiSXGqSYgeqlFDx2u_&amp;_nc_zt=23&amp;_nc_ht=scontent-fra3-2.cdninstagram.com&amp;edm=AM6HXa8EAAAA&amp;_nc_gid=CJLa4woEBV4LputS89vx1Q&amp;_nc_tpa=Q5bMBQIRVQfXF_p1jOWmwPsnxrvbv5s8TwiszmqBDLbxVhjdbzqbETlm91RCM8thWAFaq46gm7RtPIIm&amp;oh=00_AQJzypjTMugdvmfVzTxRDAEmJXwbgLfV4W3tQ66gzLj5sg&amp;oe=6A9BD867&quot;}\">\n\t\t\t<span class=\"sbi-screenreader\">L\u2019ou com balla a La Catedral<\/span>\n\t\t\t\t\t\t<svg style=\"color: rgba(255,255,255,1)\" class=\"svg-inline--fa fa-play fa-w-14 sbi_playbtn\" aria-label=\"Play\" aria-hidden=\"true\" data-fa-processed=\"\" data-prefix=\"fa\" data-icon=\"play\" role=\"presentation\" xmlns=\"http:\/\/www.w3.org\/2000\/svg\" viewBox=\"0 0 448 512\"><path fill=\"currentColor\" d=\"M424.4 214.7L72.4 6.6C43.8-10.3 0 6.1 0 47.9V464c0 37.5 40.7 60.1 72.4 41.3l352-208c31.4-18.5 31.5-64.1 0-82.6z\"><\/path><\/svg>\t\t\t<img data-recalc-dims=\"1\" decoding=\"async\" src=\"https:\/\/i0.wp.com\/www.restaurantestevet.com\/wp-content\/plugins\/instagram-feed\/img\/placeholder.png?w=1080&#038;ssl=1\" alt=\"L\u2019ou com balla a La Catedral\" aria-hidden=\"true\">\n\t\t<\/a>\n\t<\/div>\n<\/div><div class=\"sbi_item sbi_type_video sbi_new sbi_transition\" role=\"listitem\"\n\tid=\"sbi_18401061148157011\" data-date=\"1780592802\">\n\t<div class=\"sbi_photo_wrap\">\n\t\t<a class=\"sbi_photo\" href=\"https:\/\/www.instagram.com\/reel\/DZK_YxjI85H\/\" target=\"_blank\" rel=\"noopener nofollow\"\n\t\t\tdata-full-res=\"https:\/\/scontent-fra3-2.cdninstagram.com\/v\/t51.71878-15\/717103880_1661352888504875_7054856090398403487_n.jpg?stp=dst-jpg_e35_tt6&_nc_cat=111&ccb=7-5&_nc_sid=18de74&efg=eyJlZmdfdGFnIjoiQ0xJUFMuYmVzdF9pbWFnZV91cmxnZW4uQzMifQ%3D%3D&_nc_ohc=nyIHKU9wAgAQ7kNvwEzP2a1&_nc_oc=AdpIJb3bR85dkw2AeN7v9Vfi0bx-2_bopg_Rc9VCi08vW_I33PE-KCLAKhXnxaBzgSl8WM5ThuLIw2SCGH3NpVIj&_nc_zt=23&_nc_ht=scontent-fra3-2.cdninstagram.com&edm=AM6HXa8EAAAA&_nc_gid=CJLa4woEBV4LputS89vx1Q&_nc_tpa=Q5bMBQJ6XQYn6a7mo5Ss7QvRmeEbiLQG_W--CUmjdhRmNt2DSfDHMfiA0REaE4Rn-jWoqowJMDw4-2wC&oh=00_AQKSirx_iaWtntEzCKYxbysMXu1nFflEC8DxHj_wUv1lLw&oe=6A9BCEC9\"\n\t\t\tdata-img-src-set=\"{&quot;d&quot;:&quot;https:\\\/\\\/scontent-fra3-2.cdninstagram.com\\\/v\\\/t51.71878-15\\\/717103880_1661352888504875_7054856090398403487_n.jpg?stp=dst-jpg_e35_tt6&amp;_nc_cat=111&amp;ccb=7-5&amp;_nc_sid=18de74&amp;efg=eyJlZmdfdGFnIjoiQ0xJUFMuYmVzdF9pbWFnZV91cmxnZW4uQzMifQ%3D%3D&amp;_nc_ohc=nyIHKU9wAgAQ7kNvwEzP2a1&amp;_nc_oc=AdpIJb3bR85dkw2AeN7v9Vfi0bx-2_bopg_Rc9VCi08vW_I33PE-KCLAKhXnxaBzgSl8WM5ThuLIw2SCGH3NpVIj&amp;_nc_zt=23&amp;_nc_ht=scontent-fra3-2.cdninstagram.com&amp;edm=AM6HXa8EAAAA&amp;_nc_gid=CJLa4woEBV4LputS89vx1Q&amp;_nc_tpa=Q5bMBQJ6XQYn6a7mo5Ss7QvRmeEbiLQG_W--CUmjdhRmNt2DSfDHMfiA0REaE4Rn-jWoqowJMDw4-2wC&amp;oh=00_AQKSirx_iaWtntEzCKYxbysMXu1nFflEC8DxHj_wUv1lLw&amp;oe=6A9BCEC9&quot;,&quot;150&quot;:&quot;https:\\\/\\\/scontent-fra3-2.cdninstagram.com\\\/v\\\/t51.71878-15\\\/717103880_1661352888504875_7054856090398403487_n.jpg?stp=dst-jpg_e35_tt6&amp;_nc_cat=111&amp;ccb=7-5&amp;_nc_sid=18de74&amp;efg=eyJlZmdfdGFnIjoiQ0xJUFMuYmVzdF9pbWFnZV91cmxnZW4uQzMifQ%3D%3D&amp;_nc_ohc=nyIHKU9wAgAQ7kNvwEzP2a1&amp;_nc_oc=AdpIJb3bR85dkw2AeN7v9Vfi0bx-2_bopg_Rc9VCi08vW_I33PE-KCLAKhXnxaBzgSl8WM5ThuLIw2SCGH3NpVIj&amp;_nc_zt=23&amp;_nc_ht=scontent-fra3-2.cdninstagram.com&amp;edm=AM6HXa8EAAAA&amp;_nc_gid=CJLa4woEBV4LputS89vx1Q&amp;_nc_tpa=Q5bMBQJ6XQYn6a7mo5Ss7QvRmeEbiLQG_W--CUmjdhRmNt2DSfDHMfiA0REaE4Rn-jWoqowJMDw4-2wC&amp;oh=00_AQKSirx_iaWtntEzCKYxbysMXu1nFflEC8DxHj_wUv1lLw&amp;oe=6A9BCEC9&quot;,&quot;320&quot;:&quot;https:\\\/\\\/scontent-fra3-2.cdninstagram.com\\\/v\\\/t51.71878-15\\\/717103880_1661352888504875_7054856090398403487_n.jpg?stp=dst-jpg_e35_tt6&amp;_nc_cat=111&amp;ccb=7-5&amp;_nc_sid=18de74&amp;efg=eyJlZmdfdGFnIjoiQ0xJUFMuYmVzdF9pbWFnZV91cmxnZW4uQzMifQ%3D%3D&amp;_nc_ohc=nyIHKU9wAgAQ7kNvwEzP2a1&amp;_nc_oc=AdpIJb3bR85dkw2AeN7v9Vfi0bx-2_bopg_Rc9VCi08vW_I33PE-KCLAKhXnxaBzgSl8WM5ThuLIw2SCGH3NpVIj&amp;_nc_zt=23&amp;_nc_ht=scontent-fra3-2.cdninstagram.com&amp;edm=AM6HXa8EAAAA&amp;_nc_gid=CJLa4woEBV4LputS89vx1Q&amp;_nc_tpa=Q5bMBQJ6XQYn6a7mo5Ss7QvRmeEbiLQG_W--CUmjdhRmNt2DSfDHMfiA0REaE4Rn-jWoqowJMDw4-2wC&amp;oh=00_AQKSirx_iaWtntEzCKYxbysMXu1nFflEC8DxHj_wUv1lLw&amp;oe=6A9BCEC9&quot;,&quot;640&quot;:&quot;https:\\\/\\\/scontent-fra3-2.cdninstagram.com\\\/v\\\/t51.71878-15\\\/717103880_1661352888504875_7054856090398403487_n.jpg?stp=dst-jpg_e35_tt6&amp;_nc_cat=111&amp;ccb=7-5&amp;_nc_sid=18de74&amp;efg=eyJlZmdfdGFnIjoiQ0xJUFMuYmVzdF9pbWFnZV91cmxnZW4uQzMifQ%3D%3D&amp;_nc_ohc=nyIHKU9wAgAQ7kNvwEzP2a1&amp;_nc_oc=AdpIJb3bR85dkw2AeN7v9Vfi0bx-2_bopg_Rc9VCi08vW_I33PE-KCLAKhXnxaBzgSl8WM5ThuLIw2SCGH3NpVIj&amp;_nc_zt=23&amp;_nc_ht=scontent-fra3-2.cdninstagram.com&amp;edm=AM6HXa8EAAAA&amp;_nc_gid=CJLa4woEBV4LputS89vx1Q&amp;_nc_tpa=Q5bMBQJ6XQYn6a7mo5Ss7QvRmeEbiLQG_W--CUmjdhRmNt2DSfDHMfiA0REaE4Rn-jWoqowJMDw4-2wC&amp;oh=00_AQKSirx_iaWtntEzCKYxbysMXu1nFflEC8DxHj_wUv1lLw&amp;oe=6A9BCEC9&quot;}\">\n\t\t\t<span class=\"sbi-screenreader\">L\u2019ou com balla al Museu Frederic Mar\u00e8s<\/span>\n\t\t\t\t\t\t<svg style=\"color: rgba(255,255,255,1)\" class=\"svg-inline--fa fa-play fa-w-14 sbi_playbtn\" aria-label=\"Play\" aria-hidden=\"true\" data-fa-processed=\"\" data-prefix=\"fa\" data-icon=\"play\" role=\"presentation\" xmlns=\"http:\/\/www.w3.org\/2000\/svg\" viewBox=\"0 0 448 512\"><path fill=\"currentColor\" d=\"M424.4 214.7L72.4 6.6C43.8-10.3 0 6.1 0 47.9V464c0 37.5 40.7 60.1 72.4 41.3l352-208c31.4-18.5 31.5-64.1 0-82.6z\"><\/path><\/svg>\t\t\t<img data-recalc-dims=\"1\" decoding=\"async\" src=\"https:\/\/i0.wp.com\/www.restaurantestevet.com\/wp-content\/plugins\/instagram-feed\/img\/placeholder.png?w=1080&#038;ssl=1\" alt=\"L\u2019ou com balla al Museu Frederic Mar\u00e8s\" aria-hidden=\"true\">\n\t\t<\/a>\n\t<\/div>\n<\/div><div class=\"sbi_item sbi_type_video sbi_new sbi_transition\" role=\"listitem\"\n\tid=\"sbi_18165866983444254\" data-date=\"1780592676\">\n\t<div class=\"sbi_photo_wrap\">\n\t\t<a class=\"sbi_photo\" href=\"https:\/\/www.instagram.com\/reel\/DZK_JM9I3er\/\" target=\"_blank\" rel=\"noopener nofollow\"\n\t\t\tdata-full-res=\"https:\/\/scontent-fra3-2.cdninstagram.com\/v\/t51.71878-15\/717140552_1003099272687514_7642635017246508564_n.jpg?stp=dst-jpg_e35_tt6&_nc_cat=111&ccb=7-5&_nc_sid=18de74&efg=eyJlZmdfdGFnIjoiQ0xJUFMuYmVzdF9pbWFnZV91cmxnZW4uQzMifQ%3D%3D&_nc_ohc=H0e_aMwkTy0Q7kNvwFk4OMf&_nc_oc=Adr1o3-1LBWf3t_njw3kHAhoRJhJdZOhJhF7u5ZOWCpIyXgrp-gSQHIuHHU56l_Unv03XnOJFeAbL1iOEJlu6qJn&_nc_zt=23&_nc_ht=scontent-fra3-2.cdninstagram.com&edm=AM6HXa8EAAAA&_nc_gid=CJLa4woEBV4LputS89vx1Q&_nc_tpa=Q5bMBQKkOFI0-sldUVSFxNBNV0sQqb3axmxDX2ZZrPBK0IDfq-XvTfYLTp2ppcLAsRo45FzIaThFN6fE&oh=00_AQIUqNMnw4PoVpI9u_cnP5iwmPIRrbVUnyOvNs9Ko_Z0rg&oe=6A9BDD86\"\n\t\t\tdata-img-src-set=\"{&quot;d&quot;:&quot;https:\\\/\\\/scontent-fra3-2.cdninstagram.com\\\/v\\\/t51.71878-15\\\/717140552_1003099272687514_7642635017246508564_n.jpg?stp=dst-jpg_e35_tt6&amp;_nc_cat=111&amp;ccb=7-5&amp;_nc_sid=18de74&amp;efg=eyJlZmdfdGFnIjoiQ0xJUFMuYmVzdF9pbWFnZV91cmxnZW4uQzMifQ%3D%3D&amp;_nc_ohc=H0e_aMwkTy0Q7kNvwFk4OMf&amp;_nc_oc=Adr1o3-1LBWf3t_njw3kHAhoRJhJdZOhJhF7u5ZOWCpIyXgrp-gSQHIuHHU56l_Unv03XnOJFeAbL1iOEJlu6qJn&amp;_nc_zt=23&amp;_nc_ht=scontent-fra3-2.cdninstagram.com&amp;edm=AM6HXa8EAAAA&amp;_nc_gid=CJLa4woEBV4LputS89vx1Q&amp;_nc_tpa=Q5bMBQKkOFI0-sldUVSFxNBNV0sQqb3axmxDX2ZZrPBK0IDfq-XvTfYLTp2ppcLAsRo45FzIaThFN6fE&amp;oh=00_AQIUqNMnw4PoVpI9u_cnP5iwmPIRrbVUnyOvNs9Ko_Z0rg&amp;oe=6A9BDD86&quot;,&quot;150&quot;:&quot;https:\\\/\\\/scontent-fra3-2.cdninstagram.com\\\/v\\\/t51.71878-15\\\/717140552_1003099272687514_7642635017246508564_n.jpg?stp=dst-jpg_e35_tt6&amp;_nc_cat=111&amp;ccb=7-5&amp;_nc_sid=18de74&amp;efg=eyJlZmdfdGFnIjoiQ0xJUFMuYmVzdF9pbWFnZV91cmxnZW4uQzMifQ%3D%3D&amp;_nc_ohc=H0e_aMwkTy0Q7kNvwFk4OMf&amp;_nc_oc=Adr1o3-1LBWf3t_njw3kHAhoRJhJdZOhJhF7u5ZOWCpIyXgrp-gSQHIuHHU56l_Unv03XnOJFeAbL1iOEJlu6qJn&amp;_nc_zt=23&amp;_nc_ht=scontent-fra3-2.cdninstagram.com&amp;edm=AM6HXa8EAAAA&amp;_nc_gid=CJLa4woEBV4LputS89vx1Q&amp;_nc_tpa=Q5bMBQKkOFI0-sldUVSFxNBNV0sQqb3axmxDX2ZZrPBK0IDfq-XvTfYLTp2ppcLAsRo45FzIaThFN6fE&amp;oh=00_AQIUqNMnw4PoVpI9u_cnP5iwmPIRrbVUnyOvNs9Ko_Z0rg&amp;oe=6A9BDD86&quot;,&quot;320&quot;:&quot;https:\\\/\\\/scontent-fra3-2.cdninstagram.com\\\/v\\\/t51.71878-15\\\/717140552_1003099272687514_7642635017246508564_n.jpg?stp=dst-jpg_e35_tt6&amp;_nc_cat=111&amp;ccb=7-5&amp;_nc_sid=18de74&amp;efg=eyJlZmdfdGFnIjoiQ0xJUFMuYmVzdF9pbWFnZV91cmxnZW4uQzMifQ%3D%3D&amp;_nc_ohc=H0e_aMwkTy0Q7kNvwFk4OMf&amp;_nc_oc=Adr1o3-1LBWf3t_njw3kHAhoRJhJdZOhJhF7u5ZOWCpIyXgrp-gSQHIuHHU56l_Unv03XnOJFeAbL1iOEJlu6qJn&amp;_nc_zt=23&amp;_nc_ht=scontent-fra3-2.cdninstagram.com&amp;edm=AM6HXa8EAAAA&amp;_nc_gid=CJLa4woEBV4LputS89vx1Q&amp;_nc_tpa=Q5bMBQKkOFI0-sldUVSFxNBNV0sQqb3axmxDX2ZZrPBK0IDfq-XvTfYLTp2ppcLAsRo45FzIaThFN6fE&amp;oh=00_AQIUqNMnw4PoVpI9u_cnP5iwmPIRrbVUnyOvNs9Ko_Z0rg&amp;oe=6A9BDD86&quot;,&quot;640&quot;:&quot;https:\\\/\\\/scontent-fra3-2.cdninstagram.com\\\/v\\\/t51.71878-15\\\/717140552_1003099272687514_7642635017246508564_n.jpg?stp=dst-jpg_e35_tt6&amp;_nc_cat=111&amp;ccb=7-5&amp;_nc_sid=18de74&amp;efg=eyJlZmdfdGFnIjoiQ0xJUFMuYmVzdF9pbWFnZV91cmxnZW4uQzMifQ%3D%3D&amp;_nc_ohc=H0e_aMwkTy0Q7kNvwFk4OMf&amp;_nc_oc=Adr1o3-1LBWf3t_njw3kHAhoRJhJdZOhJhF7u5ZOWCpIyXgrp-gSQHIuHHU56l_Unv03XnOJFeAbL1iOEJlu6qJn&amp;_nc_zt=23&amp;_nc_ht=scontent-fra3-2.cdninstagram.com&amp;edm=AM6HXa8EAAAA&amp;_nc_gid=CJLa4woEBV4LputS89vx1Q&amp;_nc_tpa=Q5bMBQKkOFI0-sldUVSFxNBNV0sQqb3axmxDX2ZZrPBK0IDfq-XvTfYLTp2ppcLAsRo45FzIaThFN6fE&amp;oh=00_AQIUqNMnw4PoVpI9u_cnP5iwmPIRrbVUnyOvNs9Ko_Z0rg&amp;oe=6A9BDD86&quot;}\">\n\t\t\t<span class=\"sbi-screenreader\">L\u2019ou com balla a l\u2019Arxiu de la Corona d\u2019Arag\u00f3<\/span>\n\t\t\t\t\t\t<svg style=\"color: rgba(255,255,255,1)\" class=\"svg-inline--fa fa-play fa-w-14 sbi_playbtn\" aria-label=\"Play\" aria-hidden=\"true\" data-fa-processed=\"\" data-prefix=\"fa\" data-icon=\"play\" role=\"presentation\" xmlns=\"http:\/\/www.w3.org\/2000\/svg\" viewBox=\"0 0 448 512\"><path fill=\"currentColor\" d=\"M424.4 214.7L72.4 6.6C43.8-10.3 0 6.1 0 47.9V464c0 37.5 40.7 60.1 72.4 41.3l352-208c31.4-18.5 31.5-64.1 0-82.6z\"><\/path><\/svg>\t\t\t<img data-recalc-dims=\"1\" decoding=\"async\" src=\"https:\/\/i0.wp.com\/www.restaurantestevet.com\/wp-content\/plugins\/instagram-feed\/img\/placeholder.png?w=1080&#038;ssl=1\" alt=\"L\u2019ou com balla a l\u2019Arxiu de la Corona d\u2019Arag\u00f3\" aria-hidden=\"true\">\n\t\t<\/a>\n\t<\/div>\n<\/div><div class=\"sbi_item sbi_type_image sbi_new sbi_transition\" role=\"listitem\"\n\tid=\"sbi_17995639022951481\" data-date=\"1780463294\">\n\t<div class=\"sbi_photo_wrap\">\n\t\t<a class=\"sbi_photo\" href=\"https:\/\/www.instagram.com\/p\/DZHICZAIfuv\/\" target=\"_blank\" rel=\"noopener nofollow\"\n\t\t\tdata-full-res=\"https:\/\/scontent-fra5-1.cdninstagram.com\/v\/t51.82787-15\/712158737_18592219750014338_6055494669712272760_n.jpg?stp=dst-jpg_e35_tt6&_nc_cat=102&ccb=7-5&_nc_sid=18de74&efg=eyJlZmdfdGFnIjoiRkVFRC5iZXN0X2ltYWdlX3VybGdlbi5DMyJ9&_nc_ohc=cFEXO-41NvMQ7kNvwFbeTPI&_nc_oc=Adqa2yofj_SvOdZl7uApzmILNbEB6dpBaREBslPvRNtSleM3XZwwoe27esy_mpDjzoIJB9mJF50I-KvXbwLngy7U&_nc_zt=23&_nc_ht=scontent-fra5-1.cdninstagram.com&edm=AM6HXa8EAAAA&_nc_gid=CJLa4woEBV4LputS89vx1Q&oh=00_AQKQQFl9uDq0Qs2bjuqsZbxNc9TCeyhj4lJylrARBLo9kQ&oe=6A9BEED9\"\n\t\t\tdata-img-src-set=\"{&quot;d&quot;:&quot;https:\\\/\\\/scontent-fra5-1.cdninstagram.com\\\/v\\\/t51.82787-15\\\/712158737_18592219750014338_6055494669712272760_n.jpg?stp=dst-jpg_e35_tt6&amp;_nc_cat=102&amp;ccb=7-5&amp;_nc_sid=18de74&amp;efg=eyJlZmdfdGFnIjoiRkVFRC5iZXN0X2ltYWdlX3VybGdlbi5DMyJ9&amp;_nc_ohc=cFEXO-41NvMQ7kNvwFbeTPI&amp;_nc_oc=Adqa2yofj_SvOdZl7uApzmILNbEB6dpBaREBslPvRNtSleM3XZwwoe27esy_mpDjzoIJB9mJF50I-KvXbwLngy7U&amp;_nc_zt=23&amp;_nc_ht=scontent-fra5-1.cdninstagram.com&amp;edm=AM6HXa8EAAAA&amp;_nc_gid=CJLa4woEBV4LputS89vx1Q&amp;oh=00_AQKQQFl9uDq0Qs2bjuqsZbxNc9TCeyhj4lJylrARBLo9kQ&amp;oe=6A9BEED9&quot;,&quot;150&quot;:&quot;https:\\\/\\\/scontent-fra5-1.cdninstagram.com\\\/v\\\/t51.82787-15\\\/712158737_18592219750014338_6055494669712272760_n.jpg?stp=dst-jpg_e35_tt6&amp;_nc_cat=102&amp;ccb=7-5&amp;_nc_sid=18de74&amp;efg=eyJlZmdfdGFnIjoiRkVFRC5iZXN0X2ltYWdlX3VybGdlbi5DMyJ9&amp;_nc_ohc=cFEXO-41NvMQ7kNvwFbeTPI&amp;_nc_oc=Adqa2yofj_SvOdZl7uApzmILNbEB6dpBaREBslPvRNtSleM3XZwwoe27esy_mpDjzoIJB9mJF50I-KvXbwLngy7U&amp;_nc_zt=23&amp;_nc_ht=scontent-fra5-1.cdninstagram.com&amp;edm=AM6HXa8EAAAA&amp;_nc_gid=CJLa4woEBV4LputS89vx1Q&amp;oh=00_AQKQQFl9uDq0Qs2bjuqsZbxNc9TCeyhj4lJylrARBLo9kQ&amp;oe=6A9BEED9&quot;,&quot;320&quot;:&quot;https:\\\/\\\/scontent-fra5-1.cdninstagram.com\\\/v\\\/t51.82787-15\\\/712158737_18592219750014338_6055494669712272760_n.jpg?stp=dst-jpg_e35_tt6&amp;_nc_cat=102&amp;ccb=7-5&amp;_nc_sid=18de74&amp;efg=eyJlZmdfdGFnIjoiRkVFRC5iZXN0X2ltYWdlX3VybGdlbi5DMyJ9&amp;_nc_ohc=cFEXO-41NvMQ7kNvwFbeTPI&amp;_nc_oc=Adqa2yofj_SvOdZl7uApzmILNbEB6dpBaREBslPvRNtSleM3XZwwoe27esy_mpDjzoIJB9mJF50I-KvXbwLngy7U&amp;_nc_zt=23&amp;_nc_ht=scontent-fra5-1.cdninstagram.com&amp;edm=AM6HXa8EAAAA&amp;_nc_gid=CJLa4woEBV4LputS89vx1Q&amp;oh=00_AQKQQFl9uDq0Qs2bjuqsZbxNc9TCeyhj4lJylrARBLo9kQ&amp;oe=6A9BEED9&quot;,&quot;640&quot;:&quot;https:\\\/\\\/scontent-fra5-1.cdninstagram.com\\\/v\\\/t51.82787-15\\\/712158737_18592219750014338_6055494669712272760_n.jpg?stp=dst-jpg_e35_tt6&amp;_nc_cat=102&amp;ccb=7-5&amp;_nc_sid=18de74&amp;efg=eyJlZmdfdGFnIjoiRkVFRC5iZXN0X2ltYWdlX3VybGdlbi5DMyJ9&amp;_nc_ohc=cFEXO-41NvMQ7kNvwFbeTPI&amp;_nc_oc=Adqa2yofj_SvOdZl7uApzmILNbEB6dpBaREBslPvRNtSleM3XZwwoe27esy_mpDjzoIJB9mJF50I-KvXbwLngy7U&amp;_nc_zt=23&amp;_nc_ht=scontent-fra5-1.cdninstagram.com&amp;edm=AM6HXa8EAAAA&amp;_nc_gid=CJLa4woEBV4LputS89vx1Q&amp;oh=00_AQKQQFl9uDq0Qs2bjuqsZbxNc9TCeyhj4lJylrARBLo9kQ&amp;oe=6A9BEED9&quot;}\">\n\t\t\t<span class=\"sbi-screenreader\">La paella Parellada \u00e9s un cl\u00e0ssic de la cuina barc<\/span>\n\t\t\t\t\t\t\t\t\t<img data-recalc-dims=\"1\" decoding=\"async\" src=\"https:\/\/i0.wp.com\/www.restaurantestevet.com\/wp-content\/plugins\/instagram-feed\/img\/placeholder.png?w=1080&#038;ssl=1\" alt=\"La paella Parellada \u00e9s un cl\u00e0ssic de la cuina barcelonina.\" aria-hidden=\"true\">\n\t\t<\/a>\n\t<\/div>\n<\/div><div class=\"sbi_item sbi_type_image sbi_new sbi_transition\" role=\"listitem\"\n\tid=\"sbi_17874583980611564\" data-date=\"1779858605\">\n\t<div class=\"sbi_photo_wrap\">\n\t\t<a class=\"sbi_photo\" href=\"https:\/\/www.instagram.com\/p\/DY1G5U1IaMA\/\" target=\"_blank\" rel=\"noopener nofollow\"\n\t\t\tdata-full-res=\"https:\/\/scontent-fra5-1.cdninstagram.com\/v\/t51.82787-15\/707632536_18590051032014338_3543939750186256807_n.jpg?stp=dst-jpg_e35_tt6&_nc_cat=100&ccb=7-5&_nc_sid=18de74&efg=eyJlZmdfdGFnIjoiRkVFRC5iZXN0X2ltYWdlX3VybGdlbi5DMyJ9&_nc_ohc=vFvkr95ngB4Q7kNvwFj69ex&_nc_oc=Adqhc9JuroDFDTN1g86W15HG6V65SHBW3lqUaGVGjUnLO_cNmwg8q8jI14uQjzUdqfTL0MVfh8NgcSuK3633ifnp&_nc_zt=23&_nc_ht=scontent-fra5-1.cdninstagram.com&edm=AM6HXa8EAAAA&_nc_gid=CJLa4woEBV4LputS89vx1Q&oh=00_AQJ0eqrA2EIE70luCsiQqccsROPS79ObC1orthQXV6ctmA&oe=6A9BF673\"\n\t\t\tdata-img-src-set=\"{&quot;d&quot;:&quot;https:\\\/\\\/scontent-fra5-1.cdninstagram.com\\\/v\\\/t51.82787-15\\\/707632536_18590051032014338_3543939750186256807_n.jpg?stp=dst-jpg_e35_tt6&amp;_nc_cat=100&amp;ccb=7-5&amp;_nc_sid=18de74&amp;efg=eyJlZmdfdGFnIjoiRkVFRC5iZXN0X2ltYWdlX3VybGdlbi5DMyJ9&amp;_nc_ohc=vFvkr95ngB4Q7kNvwFj69ex&amp;_nc_oc=Adqhc9JuroDFDTN1g86W15HG6V65SHBW3lqUaGVGjUnLO_cNmwg8q8jI14uQjzUdqfTL0MVfh8NgcSuK3633ifnp&amp;_nc_zt=23&amp;_nc_ht=scontent-fra5-1.cdninstagram.com&amp;edm=AM6HXa8EAAAA&amp;_nc_gid=CJLa4woEBV4LputS89vx1Q&amp;oh=00_AQJ0eqrA2EIE70luCsiQqccsROPS79ObC1orthQXV6ctmA&amp;oe=6A9BF673&quot;,&quot;150&quot;:&quot;https:\\\/\\\/scontent-fra5-1.cdninstagram.com\\\/v\\\/t51.82787-15\\\/707632536_18590051032014338_3543939750186256807_n.jpg?stp=dst-jpg_e35_tt6&amp;_nc_cat=100&amp;ccb=7-5&amp;_nc_sid=18de74&amp;efg=eyJlZmdfdGFnIjoiRkVFRC5iZXN0X2ltYWdlX3VybGdlbi5DMyJ9&amp;_nc_ohc=vFvkr95ngB4Q7kNvwFj69ex&amp;_nc_oc=Adqhc9JuroDFDTN1g86W15HG6V65SHBW3lqUaGVGjUnLO_cNmwg8q8jI14uQjzUdqfTL0MVfh8NgcSuK3633ifnp&amp;_nc_zt=23&amp;_nc_ht=scontent-fra5-1.cdninstagram.com&amp;edm=AM6HXa8EAAAA&amp;_nc_gid=CJLa4woEBV4LputS89vx1Q&amp;oh=00_AQJ0eqrA2EIE70luCsiQqccsROPS79ObC1orthQXV6ctmA&amp;oe=6A9BF673&quot;,&quot;320&quot;:&quot;https:\\\/\\\/scontent-fra5-1.cdninstagram.com\\\/v\\\/t51.82787-15\\\/707632536_18590051032014338_3543939750186256807_n.jpg?stp=dst-jpg_e35_tt6&amp;_nc_cat=100&amp;ccb=7-5&amp;_nc_sid=18de74&amp;efg=eyJlZmdfdGFnIjoiRkVFRC5iZXN0X2ltYWdlX3VybGdlbi5DMyJ9&amp;_nc_ohc=vFvkr95ngB4Q7kNvwFj69ex&amp;_nc_oc=Adqhc9JuroDFDTN1g86W15HG6V65SHBW3lqUaGVGjUnLO_cNmwg8q8jI14uQjzUdqfTL0MVfh8NgcSuK3633ifnp&amp;_nc_zt=23&amp;_nc_ht=scontent-fra5-1.cdninstagram.com&amp;edm=AM6HXa8EAAAA&amp;_nc_gid=CJLa4woEBV4LputS89vx1Q&amp;oh=00_AQJ0eqrA2EIE70luCsiQqccsROPS79ObC1orthQXV6ctmA&amp;oe=6A9BF673&quot;,&quot;640&quot;:&quot;https:\\\/\\\/scontent-fra5-1.cdninstagram.com\\\/v\\\/t51.82787-15\\\/707632536_18590051032014338_3543939750186256807_n.jpg?stp=dst-jpg_e35_tt6&amp;_nc_cat=100&amp;ccb=7-5&amp;_nc_sid=18de74&amp;efg=eyJlZmdfdGFnIjoiRkVFRC5iZXN0X2ltYWdlX3VybGdlbi5DMyJ9&amp;_nc_ohc=vFvkr95ngB4Q7kNvwFj69ex&amp;_nc_oc=Adqhc9JuroDFDTN1g86W15HG6V65SHBW3lqUaGVGjUnLO_cNmwg8q8jI14uQjzUdqfTL0MVfh8NgcSuK3633ifnp&amp;_nc_zt=23&amp;_nc_ht=scontent-fra5-1.cdninstagram.com&amp;edm=AM6HXa8EAAAA&amp;_nc_gid=CJLa4woEBV4LputS89vx1Q&amp;oh=00_AQJ0eqrA2EIE70luCsiQqccsROPS79ObC1orthQXV6ctmA&amp;oe=6A9BF673&quot;}\">\n\t\t\t<span class=\"sbi-screenreader\">Els macarrons gratinats s\u00f3n un plat que agrada a t<\/span>\n\t\t\t\t\t\t\t\t\t<img data-recalc-dims=\"1\" decoding=\"async\" src=\"https:\/\/i0.wp.com\/www.restaurantestevet.com\/wp-content\/plugins\/instagram-feed\/img\/placeholder.png?w=1080&#038;ssl=1\" alt=\"Els macarrons gratinats s\u00f3n un plat que agrada a tothom, petits i grans! S\u00f3n un cl\u00e0ssic de la cuina catalana que sempre triomfa a la taula, tant en un dinar familiar com en un sopar amb amics.\" aria-hidden=\"true\">\n\t\t<\/a>\n\t<\/div>\n<\/div><div class=\"sbi_item sbi_type_image sbi_new sbi_transition\" role=\"listitem\"\n\tid=\"sbi_18377050996164110\" data-date=\"1779517754\">\n\t<div class=\"sbi_photo_wrap\">\n\t\t<a class=\"sbi_photo\" href=\"https:\/\/www.instagram.com\/p\/DYq8gtLoHPL\/\" target=\"_blank\" rel=\"noopener nofollow\"\n\t\t\tdata-full-res=\"https:\/\/scontent-fra3-1.cdninstagram.com\/v\/t51.82787-15\/703479998_18588821365014338_5516235467742971340_n.jpg?stp=dst-jpg_e35_tt6&_nc_cat=103&ccb=7-5&_nc_sid=18de74&efg=eyJlZmdfdGFnIjoiRkVFRC5iZXN0X2ltYWdlX3VybGdlbi5DMyJ9&_nc_ohc=X3IAhgybSygQ7kNvwGKILHG&_nc_oc=AdpIRR8KTI2K_e4ZsHNrDeorP5k49_bfK3uyBPPtEOoTzTVcRbDowvsDo_BRdYpOLX3MNtMfqywpktld9TX9PQxD&_nc_zt=23&_nc_ht=scontent-fra3-1.cdninstagram.com&edm=AM6HXa8EAAAA&_nc_gid=CJLa4woEBV4LputS89vx1Q&oh=00_AQKXHO-FKiVP4dy15Qj_0izHGjW-uhVAn0T2QeCB6j_g-w&oe=6A9BF827\"\n\t\t\tdata-img-src-set=\"{&quot;d&quot;:&quot;https:\\\/\\\/scontent-fra3-1.cdninstagram.com\\\/v\\\/t51.82787-15\\\/703479998_18588821365014338_5516235467742971340_n.jpg?stp=dst-jpg_e35_tt6&amp;_nc_cat=103&amp;ccb=7-5&amp;_nc_sid=18de74&amp;efg=eyJlZmdfdGFnIjoiRkVFRC5iZXN0X2ltYWdlX3VybGdlbi5DMyJ9&amp;_nc_ohc=X3IAhgybSygQ7kNvwGKILHG&amp;_nc_oc=AdpIRR8KTI2K_e4ZsHNrDeorP5k49_bfK3uyBPPtEOoTzTVcRbDowvsDo_BRdYpOLX3MNtMfqywpktld9TX9PQxD&amp;_nc_zt=23&amp;_nc_ht=scontent-fra3-1.cdninstagram.com&amp;edm=AM6HXa8EAAAA&amp;_nc_gid=CJLa4woEBV4LputS89vx1Q&amp;oh=00_AQKXHO-FKiVP4dy15Qj_0izHGjW-uhVAn0T2QeCB6j_g-w&amp;oe=6A9BF827&quot;,&quot;150&quot;:&quot;https:\\\/\\\/scontent-fra3-1.cdninstagram.com\\\/v\\\/t51.82787-15\\\/703479998_18588821365014338_5516235467742971340_n.jpg?stp=dst-jpg_e35_tt6&amp;_nc_cat=103&amp;ccb=7-5&amp;_nc_sid=18de74&amp;efg=eyJlZmdfdGFnIjoiRkVFRC5iZXN0X2ltYWdlX3VybGdlbi5DMyJ9&amp;_nc_ohc=X3IAhgybSygQ7kNvwGKILHG&amp;_nc_oc=AdpIRR8KTI2K_e4ZsHNrDeorP5k49_bfK3uyBPPtEOoTzTVcRbDowvsDo_BRdYpOLX3MNtMfqywpktld9TX9PQxD&amp;_nc_zt=23&amp;_nc_ht=scontent-fra3-1.cdninstagram.com&amp;edm=AM6HXa8EAAAA&amp;_nc_gid=CJLa4woEBV4LputS89vx1Q&amp;oh=00_AQKXHO-FKiVP4dy15Qj_0izHGjW-uhVAn0T2QeCB6j_g-w&amp;oe=6A9BF827&quot;,&quot;320&quot;:&quot;https:\\\/\\\/scontent-fra3-1.cdninstagram.com\\\/v\\\/t51.82787-15\\\/703479998_18588821365014338_5516235467742971340_n.jpg?stp=dst-jpg_e35_tt6&amp;_nc_cat=103&amp;ccb=7-5&amp;_nc_sid=18de74&amp;efg=eyJlZmdfdGFnIjoiRkVFRC5iZXN0X2ltYWdlX3VybGdlbi5DMyJ9&amp;_nc_ohc=X3IAhgybSygQ7kNvwGKILHG&amp;_nc_oc=AdpIRR8KTI2K_e4ZsHNrDeorP5k49_bfK3uyBPPtEOoTzTVcRbDowvsDo_BRdYpOLX3MNtMfqywpktld9TX9PQxD&amp;_nc_zt=23&amp;_nc_ht=scontent-fra3-1.cdninstagram.com&amp;edm=AM6HXa8EAAAA&amp;_nc_gid=CJLa4woEBV4LputS89vx1Q&amp;oh=00_AQKXHO-FKiVP4dy15Qj_0izHGjW-uhVAn0T2QeCB6j_g-w&amp;oe=6A9BF827&quot;,&quot;640&quot;:&quot;https:\\\/\\\/scontent-fra3-1.cdninstagram.com\\\/v\\\/t51.82787-15\\\/703479998_18588821365014338_5516235467742971340_n.jpg?stp=dst-jpg_e35_tt6&amp;_nc_cat=103&amp;ccb=7-5&amp;_nc_sid=18de74&amp;efg=eyJlZmdfdGFnIjoiRkVFRC5iZXN0X2ltYWdlX3VybGdlbi5DMyJ9&amp;_nc_ohc=X3IAhgybSygQ7kNvwGKILHG&amp;_nc_oc=AdpIRR8KTI2K_e4ZsHNrDeorP5k49_bfK3uyBPPtEOoTzTVcRbDowvsDo_BRdYpOLX3MNtMfqywpktld9TX9PQxD&amp;_nc_zt=23&amp;_nc_ht=scontent-fra3-1.cdninstagram.com&amp;edm=AM6HXa8EAAAA&amp;_nc_gid=CJLa4woEBV4LputS89vx1Q&amp;oh=00_AQKXHO-FKiVP4dy15Qj_0izHGjW-uhVAn0T2QeCB6j_g-w&amp;oe=6A9BF827&quot;}\">\n\t\t\t<span class=\"sbi-screenreader\">Els nostres bunyols de bacall\u00e0  #estevetbarcelona<\/span>\n\t\t\t\t\t\t\t\t\t<img data-recalc-dims=\"1\" decoding=\"async\" src=\"https:\/\/i0.wp.com\/www.restaurantestevet.com\/wp-content\/plugins\/instagram-feed\/img\/placeholder.png?w=1080&#038;ssl=1\" alt=\"Els nostres bunyols de bacall\u00e0\n\n#estevetbarcelona #bunyolsdebacall\u00e0 #cuinacatalana #raval\" aria-hidden=\"true\">\n\t\t<\/a>\n\t<\/div>\n<\/div><div class=\"sbi_item sbi_type_image sbi_new sbi_transition\" role=\"listitem\"\n\tid=\"sbi_18077157233358191\" data-date=\"1779125002\">\n\t<div class=\"sbi_photo_wrap\">\n\t\t<a class=\"sbi_photo\" href=\"https:\/\/www.instagram.com\/p\/DYfPwf1OwAO\/\" target=\"_blank\" rel=\"noopener nofollow\"\n\t\t\tdata-full-res=\"https:\/\/scontent-fra3-1.cdninstagram.com\/v\/t51.82787-15\/702469890_18587528596014338_5637968135702605525_n.jpg?stp=dst-jpg_e35_tt6&_nc_cat=101&ccb=7-5&_nc_sid=18de74&efg=eyJlZmdfdGFnIjoiRkVFRC5iZXN0X2ltYWdlX3VybGdlbi5DMyJ9&_nc_ohc=ij2wkgEbsAAQ7kNvwE4v55t&_nc_oc=AdrwFa5dBm4FbIIdfdcfsWBdbdQKDy8u0MCsdoWFbcGbfmyoVdwa9E3Oh-nqMSikR1UYN-hCtVji-a0gkW0yw6Zb&_nc_zt=23&_nc_ht=scontent-fra3-1.cdninstagram.com&edm=AM6HXa8EAAAA&_nc_gid=CJLa4woEBV4LputS89vx1Q&oh=00_AQLk1ekskAzcYjBFkivlQvLkZBEt0K0xO7FmUSvfNKIfCQ&oe=6A9BCEA6\"\n\t\t\tdata-img-src-set=\"{&quot;d&quot;:&quot;https:\\\/\\\/scontent-fra3-1.cdninstagram.com\\\/v\\\/t51.82787-15\\\/702469890_18587528596014338_5637968135702605525_n.jpg?stp=dst-jpg_e35_tt6&amp;_nc_cat=101&amp;ccb=7-5&amp;_nc_sid=18de74&amp;efg=eyJlZmdfdGFnIjoiRkVFRC5iZXN0X2ltYWdlX3VybGdlbi5DMyJ9&amp;_nc_ohc=ij2wkgEbsAAQ7kNvwE4v55t&amp;_nc_oc=AdrwFa5dBm4FbIIdfdcfsWBdbdQKDy8u0MCsdoWFbcGbfmyoVdwa9E3Oh-nqMSikR1UYN-hCtVji-a0gkW0yw6Zb&amp;_nc_zt=23&amp;_nc_ht=scontent-fra3-1.cdninstagram.com&amp;edm=AM6HXa8EAAAA&amp;_nc_gid=CJLa4woEBV4LputS89vx1Q&amp;oh=00_AQLk1ekskAzcYjBFkivlQvLkZBEt0K0xO7FmUSvfNKIfCQ&amp;oe=6A9BCEA6&quot;,&quot;150&quot;:&quot;https:\\\/\\\/scontent-fra3-1.cdninstagram.com\\\/v\\\/t51.82787-15\\\/702469890_18587528596014338_5637968135702605525_n.jpg?stp=dst-jpg_e35_tt6&amp;_nc_cat=101&amp;ccb=7-5&amp;_nc_sid=18de74&amp;efg=eyJlZmdfdGFnIjoiRkVFRC5iZXN0X2ltYWdlX3VybGdlbi5DMyJ9&amp;_nc_ohc=ij2wkgEbsAAQ7kNvwE4v55t&amp;_nc_oc=AdrwFa5dBm4FbIIdfdcfsWBdbdQKDy8u0MCsdoWFbcGbfmyoVdwa9E3Oh-nqMSikR1UYN-hCtVji-a0gkW0yw6Zb&amp;_nc_zt=23&amp;_nc_ht=scontent-fra3-1.cdninstagram.com&amp;edm=AM6HXa8EAAAA&amp;_nc_gid=CJLa4woEBV4LputS89vx1Q&amp;oh=00_AQLk1ekskAzcYjBFkivlQvLkZBEt0K0xO7FmUSvfNKIfCQ&amp;oe=6A9BCEA6&quot;,&quot;320&quot;:&quot;https:\\\/\\\/scontent-fra3-1.cdninstagram.com\\\/v\\\/t51.82787-15\\\/702469890_18587528596014338_5637968135702605525_n.jpg?stp=dst-jpg_e35_tt6&amp;_nc_cat=101&amp;ccb=7-5&amp;_nc_sid=18de74&amp;efg=eyJlZmdfdGFnIjoiRkVFRC5iZXN0X2ltYWdlX3VybGdlbi5DMyJ9&amp;_nc_ohc=ij2wkgEbsAAQ7kNvwE4v55t&amp;_nc_oc=AdrwFa5dBm4FbIIdfdcfsWBdbdQKDy8u0MCsdoWFbcGbfmyoVdwa9E3Oh-nqMSikR1UYN-hCtVji-a0gkW0yw6Zb&amp;_nc_zt=23&amp;_nc_ht=scontent-fra3-1.cdninstagram.com&amp;edm=AM6HXa8EAAAA&amp;_nc_gid=CJLa4woEBV4LputS89vx1Q&amp;oh=00_AQLk1ekskAzcYjBFkivlQvLkZBEt0K0xO7FmUSvfNKIfCQ&amp;oe=6A9BCEA6&quot;,&quot;640&quot;:&quot;https:\\\/\\\/scontent-fra3-1.cdninstagram.com\\\/v\\\/t51.82787-15\\\/702469890_18587528596014338_5637968135702605525_n.jpg?stp=dst-jpg_e35_tt6&amp;_nc_cat=101&amp;ccb=7-5&amp;_nc_sid=18de74&amp;efg=eyJlZmdfdGFnIjoiRkVFRC5iZXN0X2ltYWdlX3VybGdlbi5DMyJ9&amp;_nc_ohc=ij2wkgEbsAAQ7kNvwE4v55t&amp;_nc_oc=AdrwFa5dBm4FbIIdfdcfsWBdbdQKDy8u0MCsdoWFbcGbfmyoVdwa9E3Oh-nqMSikR1UYN-hCtVji-a0gkW0yw6Zb&amp;_nc_zt=23&amp;_nc_ht=scontent-fra3-1.cdninstagram.com&amp;edm=AM6HXa8EAAAA&amp;_nc_gid=CJLa4woEBV4LputS89vx1Q&amp;oh=00_AQLk1ekskAzcYjBFkivlQvLkZBEt0K0xO7FmUSvfNKIfCQ&amp;oe=6A9BCEA6&quot;}\">\n\t\t\t<span class=\"sbi-screenreader\">Publicaci\u00f3n de Instagram 18077157233358191<\/span>\n\t\t\t\t\t\t\t\t\t<img data-recalc-dims=\"1\" decoding=\"async\" src=\"https:\/\/i0.wp.com\/www.restaurantestevet.com\/wp-content\/plugins\/instagram-feed\/img\/placeholder.png?w=1080&#038;ssl=1\" alt=\"Publicaci\u00f3n de Instagram 18077157233358191\" aria-hidden=\"true\">\n\t\t<\/a>\n\t<\/div>\n<\/div>\t<\/div>\n\n\t<div id=\"sbi_load\" >\n\n\t<div class=\"sbi-screenreader\" aria-live=\"polite\" aria-atomic=\"true\" data-sbi-feed-status><\/div>\n\n\t\t\t<button class=\"sbi_load_btn\"\n\t\t\ttype=\"button\"  style=\"background: rgb(226,156,17);color: rgb(151,53,0);\">\n\t\t\t<span class=\"sbi_btn_text\" >Carregar m\u00e9s...<\/span>\n\t\t\t<span class=\"sbi_loader sbi_hidden\" style=\"background-color: rgb(255, 255, 255);\" aria-hidden=\"true\"><\/span>\n\t\t<\/button>\n\t\n\t\t\t<span class=\"sbi_follow_btn sbi_custom\" >\n\t\t\t<a target=\"_blank\"\n\t\t\t\trel=\"nofollow noopener\"  href=\"https:\/\/www.instagram.com\/estevetbarcelona\/\" style=\"background: rgb(226,156,17);color: rgb(151,53,0);\">\n\t\t\t\t<svg class=\"svg-inline--fa fa-instagram fa-w-14\" aria-hidden=\"true\" data-fa-processed=\"\" aria-label=\"Instagram\" data-prefix=\"fab\" data-icon=\"instagram\" role=\"img\" viewBox=\"0 0 448 512\">\n                    <path fill=\"currentColor\" d=\"M224.1 141c-63.6 0-114.9 51.3-114.9 114.9s51.3 114.9 114.9 114.9S339 319.5 339 255.9 287.7 141 224.1 141zm0 189.6c-41.1 0-74.7-33.5-74.7-74.7s33.5-74.7 74.7-74.7 74.7 33.5 74.7 74.7-33.6 74.7-74.7 74.7zm146.4-194.3c0 14.9-12 26.8-26.8 26.8-14.9 0-26.8-12-26.8-26.8s12-26.8 26.8-26.8 26.8 12 26.8 26.8zm76.1 27.2c-1.7-35.9-9.9-67.7-36.2-93.9-26.2-26.2-58-34.4-93.9-36.2-37-2.1-147.9-2.1-184.9 0-35.8 1.7-67.6 9.9-93.9 36.1s-34.4 58-36.2 93.9c-2.1 37-2.1 147.9 0 184.9 1.7 35.9 9.9 67.7 36.2 93.9s58 34.4 93.9 36.2c37 2.1 147.9 2.1 184.9 0 35.9-1.7 67.7-9.9 93.9-36.2 26.2-26.2 34.4-58 36.2-93.9 2.1-37 2.1-147.8 0-184.8zM398.8 388c-7.8 19.6-22.9 34.7-42.6 42.6-29.5 11.7-99.5 9-132.1 9s-102.7 2.6-132.1-9c-19.6-7.8-34.7-22.9-42.6-42.6-11.7-29.5-9-99.5-9-132.1s-2.6-102.7 9-132.1c7.8-19.6 22.9-34.7 42.6-42.6 29.5-11.7 99.5-9 132.1-9s102.7-2.6 132.1 9c19.6 7.8 34.7 22.9 42.6 42.6 11.7 29.5 9 99.5 9 132.1s2.7 102.7-9 132.1z\"><\/path>\n                <\/svg>\t\t\t\t<span>Segueix-nos a Instagram<\/span>\n\t\t\t<\/a>\n\t\t<\/span>\n\t\n<\/div>\n\t\t<span class=\"sbi_resized_image_data\" data-feed-id=\"*1\"\n\t\t  data-resized=\"{&quot;18077157233358191&quot;:{&quot;id&quot;:&quot;702469890_18587528596014338_5637968135702605525_n&quot;,&quot;ratio&quot;:&quot;0.80&quot;,&quot;sizes&quot;:{&quot;full&quot;:640,&quot;low&quot;:320,&quot;thumb&quot;:150},&quot;extension&quot;:&quot;.webp&quot;},&quot;18377050996164110&quot;:{&quot;id&quot;:&quot;703479998_18588821365014338_5516235467742971340_n&quot;,&quot;ratio&quot;:&quot;0.80&quot;,&quot;sizes&quot;:{&quot;full&quot;:640,&quot;low&quot;:320,&quot;thumb&quot;:150},&quot;extension&quot;:&quot;.webp&quot;},&quot;17874583980611564&quot;:{&quot;id&quot;:&quot;707632536_18590051032014338_3543939750186256807_n&quot;,&quot;ratio&quot;:&quot;0.80&quot;,&quot;sizes&quot;:{&quot;full&quot;:640,&quot;low&quot;:320,&quot;thumb&quot;:150},&quot;extension&quot;:&quot;.webp&quot;},&quot;17995639022951481&quot;:{&quot;id&quot;:&quot;712158737_18592219750014338_6055494669712272760_n&quot;,&quot;ratio&quot;:&quot;0.80&quot;,&quot;sizes&quot;:{&quot;full&quot;:640,&quot;low&quot;:320,&quot;thumb&quot;:150},&quot;extension&quot;:&quot;.webp&quot;},&quot;18090276479618856&quot;:{&quot;id&quot;:&quot;715455902_1010492501974875_9109458119127389221_n&quot;,&quot;ratio&quot;:&quot;0.56&quot;,&quot;sizes&quot;:{&quot;full&quot;:640,&quot;low&quot;:320,&quot;thumb&quot;:150},&quot;extension&quot;:&quot;.webp&quot;},&quot;18401061148157011&quot;:{&quot;id&quot;:&quot;717103880_1661352888504875_7054856090398403487_n&quot;,&quot;ratio&quot;:&quot;0.56&quot;,&quot;sizes&quot;:{&quot;full&quot;:640,&quot;low&quot;:320,&quot;thumb&quot;:150},&quot;extension&quot;:&quot;.webp&quot;},&quot;18165866983444254&quot;:{&quot;id&quot;:&quot;717140552_1003099272687514_7642635017246508564_n&quot;,&quot;ratio&quot;:&quot;0.56&quot;,&quot;sizes&quot;:{&quot;full&quot;:640,&quot;low&quot;:320,&quot;thumb&quot;:150},&quot;extension&quot;:&quot;.webp&quot;},&quot;17943262998214623&quot;:{&quot;id&quot;:&quot;721208397_18593826241014338_6676054080963020498_n&quot;,&quot;ratio&quot;:&quot;0.80&quot;,&quot;sizes&quot;:{&quot;full&quot;:640,&quot;low&quot;:320,&quot;thumb&quot;:150},&quot;extension&quot;:&quot;.webp&quot;},&quot;18411854710194628&quot;:{&quot;id&quot;:&quot;719189449_18593821219014338_85578300472159982_n&quot;,&quot;ratio&quot;:&quot;0.80&quot;,&quot;sizes&quot;:{&quot;full&quot;:640,&quot;low&quot;:320,&quot;thumb&quot;:150},&quot;extension&quot;:&quot;.webp&quot;},&quot;18183230653352886&quot;:{&quot;id&quot;:&quot;726231317_18596133058014338_6547791412092192857_n&quot;,&quot;ratio&quot;:&quot;0.80&quot;,&quot;sizes&quot;:{&quot;full&quot;:640,&quot;low&quot;:320,&quot;thumb&quot;:150},&quot;extension&quot;:&quot;.webp&quot;},&quot;17945044833027473&quot;:{&quot;id&quot;:&quot;731465301_1708842340352523_3298397251339320354_n&quot;,&quot;ratio&quot;:&quot;0.56&quot;,&quot;sizes&quot;:{&quot;full&quot;:640,&quot;low&quot;:320,&quot;thumb&quot;:150},&quot;extension&quot;:&quot;.webp&quot;},&quot;18039073004807079&quot;:{&quot;id&quot;:&quot;748873832_18605413900014338_6103001113533355224_n&quot;,&quot;ratio&quot;:&quot;0.80&quot;,&quot;sizes&quot;:{&quot;full&quot;:640,&quot;low&quot;:320,&quot;thumb&quot;:150},&quot;extension&quot;:&quot;.webp&quot;},&quot;18168555949453132&quot;:{&quot;id&quot;:&quot;750507516_18605718241014338_9123086358448937489_n&quot;,&quot;ratio&quot;:&quot;0.80&quot;,&quot;sizes&quot;:{&quot;full&quot;:640,&quot;low&quot;:320,&quot;thumb&quot;:150},&quot;extension&quot;:&quot;.webp&quot;},&quot;18617338057061621&quot;:{&quot;id&quot;:&quot;753503071_18608167807014338_1808253120845534794_n&quot;,&quot;ratio&quot;:&quot;0.80&quot;,&quot;sizes&quot;:{&quot;full&quot;:640,&quot;low&quot;:320,&quot;thumb&quot;:150},&quot;extension&quot;:&quot;.webp&quot;},&quot;18328833394276211&quot;:{&quot;id&quot;:&quot;760411016_18610144177014338_5781325588823031516_n&quot;,&quot;ratio&quot;:&quot;0.80&quot;,&quot;sizes&quot;:{&quot;full&quot;:640,&quot;low&quot;:320,&quot;thumb&quot;:150},&quot;extension&quot;:&quot;.webp&quot;},&quot;17976973941117204&quot;:{&quot;id&quot;:&quot;763194831_1043617581471351_4864861532064509141_n&quot;,&quot;ratio&quot;:&quot;0.56&quot;,&quot;sizes&quot;:{&quot;full&quot;:640,&quot;low&quot;:320,&quot;thumb&quot;:150},&quot;extension&quot;:&quot;.webp&quot;}}\">\n\t<\/span>\n\t<\/div>\n\n\t<style type=\"text\/css\">\n\t\t\t\t#sb_instagram #sbi_load .sbi_load_btn:focus,\n\t\t#sb_instagram #sbi_load .sbi_load_btn:hover {\n\t\t\toutline: none;\n\t\t\tbox-shadow: inset 0 0 20px 20px;\n\t\t}\n\n\t\t\t\t\t\t#sb_instagram .sbi_follow_btn a:hover,\n\t\t#sb_instagram .sbi_follow_btn a:focus {\n\t\t\toutline: none;\n\t\t\tbox-shadow: inset 0 0 10px 20px;\n\t\t}\n\n\t\t\t<\/style>\n\t<\/div><\/div>\n\n<div class=\"et_pb_code_1 et_pb_code et_pb_module\"><div class=\"et_pb_code_inner\"><script type=\"application\/ld+json\">\n{\n  \"@context\": \"https:\/\/schema.org\",\n  \"@graph\": [\n\n    {\n      \"@type\": \"WebSite\",\n      \"@id\": \"https:\/\/www.restaurantestevet.com\/#website\",\n      \"url\": \"https:\/\/www.restaurantestevet.com\/\",\n      \"name\": \"Restaurant Ca L'Estevet\",\n      \"inLanguage\": \"es\"\n    },\n\n    {\n      \"@type\": \"Organization\",\n      \"@id\": \"https:\/\/www.restaurantestevet.com\/#organization\",\n      \"name\": \"Restaurant Ca L'Estevet\",\n      \"url\": \"https:\/\/www.restaurantestevet.com\/\",\n      \"logo\": {\n        \"@type\": \"ImageObject\",\n        \"url\": \"https:\/\/www.restaurantestevet.com\/wp-content\/uploads\/estevetlogo.svg\"\n      },\n      \"telephone\": \"+34 933 024 186\",\n      \"sameAs\": [\n        \"https:\/\/www.instagram.com\/estevetbarcelona\/\",\n        \"https:\/\/www.facebook.com\/restaurantestevet\"\n      ]\n    },\n\n    {\n      \"@type\": \"Restaurant\",\n      \"@id\": \"https:\/\/www.restaurantestevet.com\/#restaurant\",\n      \"name\": \"Restaurant Ca L'Estevet\",\n      \"url\": \"https:\/\/www.restaurantestevet.com\/\",\n      \"image\": [\n        \"https:\/\/www.restaurantestevet.com\/wp-content\/uploads\/Restaurant-Estevet-Cabecera-Web-OPT-min.jpg\",\n        \"https:\/\/www.restaurantestevet.com\/wp-content\/uploads\/estevet-restaurant_barcelona.jpg\"\n      ],\n      \"servesCuisine\": [\n        \"Cocina catalana\",\n        \"Cocina tradicional catalana\",\n        \"Cocina mediterr\u00e1nea\"\n      ],\n      \"priceRange\": \"30\u20ac-60\u20ac\",\n      \"telephone\": \"+34 933 024 186\",\n      \"email\": \"reserves@restaurantestevet.com\",\n      \"description\": \"Restaurante hist\u00f3rico de Barcelona especializado en cocina catalana tradicional desde 1890. Ca L'Estevet preserva las recetas cl\u00e1sicas catalanas y el ambiente de los restaurantes de toda la vida en el centro de Barcelona.\",\n      \"foundingDate\": \"1890\",\n      \"acceptsReservations\": \"True\",\n\n      \"address\": {\n        \"@type\": \"PostalAddress\",\n        \"streetAddress\": \"Carrer de Valldonzella, 46\",\n        \"postalCode\": \"08001\",\n        \"addressLocality\": \"Barcelona\",\n        \"addressRegion\": \"Catalu\u00f1a\",\n        \"addressCountry\": \"ES\"\n      },\n\n      \"geo\": {\n        \"@type\": \"GeoCoordinates\",\n        \"latitude\": \"41.3856\",\n        \"longitude\": \"2.1639\"\n      },\n\n      \"openingHoursSpecification\": [\n\n        {\n          \"@type\": \"OpeningHoursSpecification\",\n          \"dayOfWeek\": [\n            \"Monday\",\n            \"Tuesday\",\n            \"Wednesday\",\n            \"Thursday\"\n          ],\n          \"opens\": \"13:00\",\n          \"closes\": \"23:00\"\n        },\n\n        {\n          \"@type\": \"OpeningHoursSpecification\",\n          \"dayOfWeek\": [\n            \"Friday\",\n            \"Saturday\"\n          ],\n          \"opens\": \"13:00\",\n          \"closes\": \"23:30\"\n        },\n\n        {\n          \"@type\": \"OpeningHoursSpecification\",\n          \"dayOfWeek\": \"Sunday\",\n          \"opens\": \"13:00\",\n          \"closes\": \"17:00\"\n        }\n\n      ],\n\n      \"hasMenu\": {\n        \"@id\": \"https:\/\/www.restaurantestevet.com\/#menu\"\n      },\n\n      \"sameAs\": [\n        \"https:\/\/www.instagram.com\/estevetbarcelona\/\",\n        \"https:\/\/www.facebook.com\/restaurantestevet\"\n      ]\n    },\n\n    {\n      \"@type\": \"Menu\",\n      \"@id\": \"https:\/\/www.restaurantestevet.com\/#menu\",\n      \"name\": \"Carta de cocina catalana tradicional\",\n      \"hasMenuItem\": [\n\n        {\n          \"@type\": \"MenuItem\",\n          \"name\": \"Escudella i carn d'olla\"\n        },\n\n        {\n          \"@type\": \"MenuItem\",\n          \"name\": \"Canelones caseros tradicionales\"\n        },\n\n        {\n          \"@type\": \"MenuItem\",\n          \"name\": \"Fricand\u00f3 de ternera\"\n        },\n\n        {\n          \"@type\": \"MenuItem\",\n          \"name\": \"Cap i pota con garbanzos\"\n        },\n\n        {\n          \"@type\": \"MenuItem\",\n          \"name\": \"Alb\u00f3ndigas con sepia\"\n        },\n\n        {\n          \"@type\": \"MenuItem\",\n          \"name\": \"Caracoles de Ca L\u2019Estevet\"\n        },\n\n        {\n          \"@type\": \"MenuItem\",\n          \"name\": \"Pato del Llu\u00e7an\u00e8s a la naranja\"\n        }\n\n      ]\n    }\n\n  ]\n}\n<\/script><\/div><\/div>\n<\/div>\n<\/div>\n<\/div>\n\n<div class=\"et_pb_section_6 et_pb_section et_pb_fullwidth_section et_section_regular et_block_section\">\n<section class=\"et_pb_fullwidth_header_1 et_pb_fullwidth_header et_pb_bg_layout_dark et_pb_text_align_center et_pb_module et_flex_module\"><div class=\"et_pb_fullwidth_header_container center\"><div class=\"header-content-container center\"><div class=\"header-content et_flex_module\"><h1 class=\"et_pb_module_header\">Estevet en Casa<\/h1><div class=\"et_pb_header_content_wrapper\"><p>&nbsp;<\/p>\n<p style=\"text-align: center;\">Recuerda que tambi\u00e9n puedes disfrutar de todos nuestros platos en tu casa. Realiza tu pedido en Estevet en Casa y te lo llevaremos a casa o puedes pasarlo a recoger.<\/p>\n<p style=\"text-align: center;\">\u00a1 Buen provecho !<\/p>\n<p>&nbsp;<\/p>\n<p>&nbsp;<\/p>\n<\/div><div class=\"et_pb_header_button_wrapper\"><a class=\"et_pb_button et_pb_more_button et_pb_button_one\" href=\"https:\/\/acasa.restaurantestevet.com\/\">TIENDA ONLINE<\/a><\/div><\/div><\/div><\/div><div class=\"et_pb_fullwidth_header_overlay\"><\/div><div class=\"et_pb_fullwidth_header_scroll\"><\/div><\/section>\n<\/div>\n\n<div class=\"et_pb_section_7 et_pb_section et_section_regular et_block_section\" id=\"contacte\"><div class=\"et_pb_row_9 et_pb_row et_pb_equal_columns et_block_row\"><div class=\"et_pb_column_19 et_pb_column et_pb_column_1_2 et_block_column et_pb_css_mix_blend_mode_passthrough\"><div class=\"et_pb_text_23 et_pb_text et_pb_bg_layout_dark et_pb_module et_block_module et_pb_text_align_center\"><div class=\"et_pb_text_inner\"><h3>Horario<\/h3>\n<\/div><\/div><div class=\"et_pb_text_24 et_pb_text et_pb_bg_layout_light et_pb_module et_block_module et_pb_text_align_center\"><div class=\"et_pb_text_inner\"><p><strong>LUNES \u2013 JUEVES<br \/><\/strong><span style=\"font-size: 15px;\">Cocina: 13:00 pm \u2013 15:30 pm (Cierre de sala a las 17:00)<br \/>Cocina: 19:30 pm \u2013 22:00 pm (Cierre de sala a las 23:45)<\/span><\/p>\n<\/div><\/div><div class=\"et_pb_text_25 et_pb_text et_pb_bg_layout_light et_pb_module et_block_module et_pb_text_align_center\"><div class=\"et_pb_text_inner\"><p><strong>VIERNES Y S\u00c1BADOS<br \/><\/strong><span style=\"font-size: 15px;\">Cocina: 13:00 pm \u2013 15:30 pm (Cierre de sala a las 17:00)<br \/>Cocina: 19:30 pm \u2013 22:30 pm (Cierre de sala a las 24:00)<\/span><\/p>\n<\/div><\/div><div class=\"et_pb_divider_3 et_pb_divider_hidden et_pb_space et_pb_divider_position_top et_pb_module\"><div class=\"et_pb_divider_internal\"><\/div><\/div><div class=\"et_pb_divider_4 et_pb_divider_hidden et_pb_space et_pb_divider_position_top et_pb_module\"><div class=\"et_pb_divider_internal\"><\/div><\/div><div class=\"et_pb_text_27 et_pb_text et_pb_bg_layout_light et_pb_module et_block_module et_pb_text_align_center\"><div class=\"et_pb_text_inner\"><p><span style=\"font-size: 15px;\"><b>DOMINGO Y FESTIVOS<br \/><\/b><\/span><span style=\"font-size: 15px;\">Cocina: 13:00 pm \u2013 15:30 pm (Cierre de sala a las 17:00)<br \/><\/span><\/p>\n<p><span style=\"font-size: 15px;\"><\/span><\/p>\n<\/div><\/div><div class=\"et_pb_module et_pb_button_module_wrapper et_pb_button_2_wrapper\"><a class=\"et_pb_button_2 et_pb_button et_pb_bg_layout_light et_pb_module et_block_module\" href=\"https:\/\/restaurantestevet.myrestoo.net\/es\/reservar\">Reservar Mesa<\/a><\/div><\/div><div class=\"et_pb_column_20 et_pb_column et_pb_column_1_2 et-last-child et_block_column et_pb_css_mix_blend_mode_passthrough\"><div class=\"et_pb_text_30 et_pb_text et_pb_bg_layout_dark et_pb_module et_block_module et_pb_text_align_center\"><div class=\"et_pb_text_inner\"><h3>Contacto<\/h3>\n<\/div><\/div><div class=\"et_pb_text_31 et_pb_text et_pb_bg_layout_dark et_pb_module et_block_module et_pb_text_align_center\"><div class=\"et_pb_text_inner\"><h4>Tel\u00e9fono de contacto: 933 012 939<\/h4>\n<h4>Tel\u00e9fono de reservas: 933 024 186<\/h4>\n<p><a href=\"mailto:reserves@restaurantestevet.com\">reserves@restaurantestevet.com<\/a><\/p>\n<p>Para reservas de una sola persona, por favor contacte por tel\u00e9fono o correo electr\u00f3nico.<\/p>\n<p><a href=\"https:\/\/www.restaurantestevet.com\/es\/faq\">FAQ: Preguntas Frecuentes<\/a><\/p>\n<\/div><\/div><div class=\"et_pb_text_32 et_pb_text et_pb_bg_layout_dark et_pb_module et_block_module et_pb_text_align_center\"><div class=\"et_pb_text_inner\"><h3>Localizaci\u00f3n<\/h3>\n<\/div><\/div><div class=\"et_pb_text_33 et_pb_text et_pb_bg_layout_dark et_pb_module et_block_module et_pb_text_align_center\"><div class=\"et_pb_text_inner\"><p>RESTAURANT CA L'ESTEVET<br \/>\nValldonzella, 46<br \/>\n08001 Barcelona<\/p>\n<p><a href=\"https:\/\/maps.app.goo.gl\/z8tqG1bd35z5grp78\" target=\"_blank\" rel=\"noopener\">Ver en Google Maps<\/a><\/p>\n<\/div><\/div><\/div><\/div><div class=\"et_pb_row_10 et_pb_row et_block_row\"><div class=\"et_pb_column_21 et_pb_column et_pb_column_4_4 et-last-child et_block_column et_pb_css_mix_blend_mode_passthrough\"><div class=\"et_pb_text_34 et_pb_text et_pb_bg_layout_light et_pb_module et_block_module\"><div class=\"et_pb_text_inner\"><p style=\"text-align: center;\"><a href=\"https:\/\/www.restaurantestevet.com\/aviso-legal-y-politica-de-privacidad\/\">Aviso legal, Pol\u00edtica de privacidad y redes sociales<\/a> \u00b7 <a href=\"https:\/\/www.restaurantestevet.com\/politica-de-cookies-ue\/\">Pol\u00edtica de cookies (UE)<\/a><\/p>\n<\/div><\/div><\/div><\/div><\/div>","protected":false},"excerpt":{"rendered":"","protected":false},"author":1,"featured_media":0,"parent":0,"menu_order":0,"comment_status":"closed","ping_status":"closed","template":"","meta":{"inline_featured_image":false,"footnotes":""},"class_list":["post-5","page","type-page","status-publish","hentry"],"yoast_head":"<!-- This site is optimized with the Yoast SEO plugin v28.3 - https:\/\/yoast.com\/product\/yoast-seo-wordpress\/ -->\n<title>Restaurant Ca L\u2019Estevet | Cocina catalana tradicional en Barcelona desde 1890<\/title>\n<meta name=\"description\" content=\"Restaurante Ca L\u2019Estevet es sin\u00f3nimo de amor y respeto por la cocina tradicional catalana. \u00a1 Bienvenidos a Ca L&#039;Estevet !Restaurante hist\u00f3rico de Barcelona especializado en cocina catalana tradicional desde 1890. Escudella, canelones caseros, fricand\u00f3 y platos t\u00edpicos catalanes en el centro de Barcelona.\" \/>\n<meta name=\"robots\" content=\"index, follow, max-snippet:-1, max-image-preview:large, max-video-preview:-1\" \/>\n<link rel=\"canonical\" href=\"https:\/\/www.restaurantestevet.com\/es\/\" \/>\n<meta property=\"og:locale\" content=\"es_ES\" \/>\n<meta property=\"og:type\" content=\"article\" \/>\n<meta property=\"og:title\" content=\"Restaurant Ca L\u2019Estevet | Cocina catalana tradicional en Barcelona desde 1890\" \/>\n<meta property=\"og:description\" content=\"Restaurante Ca L\u2019Estevet es sin\u00f3nimo de amor y respeto por la cocina tradicional catalana. \u00a1 Bienvenidos a Ca L&#039;Estevet !Restaurante hist\u00f3rico de Barcelona especializado en cocina catalana tradicional desde 1890. Escudella, canelones caseros, fricand\u00f3 y platos t\u00edpicos catalanes en el centro de Barcelona.\" \/>\n<meta property=\"og:url\" content=\"https:\/\/www.restaurantestevet.com\/es\/\" \/>\n<meta property=\"og:site_name\" content=\"Restaurant Ca L&#039;Estevet\" \/>\n<meta property=\"article:publisher\" content=\"https:\/\/www.facebook.com\/restaurantestevet\" \/>\n<meta property=\"article:modified_time\" content=\"2026-08-31T08:08:50+00:00\" \/>\n<script type=\"application\/ld+json\" class=\"yoast-schema-graph\">{\"@context\":\"https:\\\/\\\/schema.org\",\"@graph\":[{\"@type\":\"WebPage\",\"@id\":\"https:\\\/\\\/www.restaurantestevet.com\\\/es\\\/\",\"url\":\"https:\\\/\\\/www.restaurantestevet.com\\\/es\\\/\",\"name\":\"Restaurant Ca L\u2019Estevet | Cocina catalana tradicional en Barcelona desde 1890\",\"isPartOf\":{\"@id\":\"https:\\\/\\\/www.restaurantestevet.com\\\/es\\\/#website\"},\"datePublished\":\"2018-11-27T16:30:41+00:00\",\"dateModified\":\"2026-08-31T08:08:50+00:00\",\"description\":\"Restaurante Ca L\u2019Estevet es sin\u00f3nimo de amor y respeto por la cocina tradicional catalana. \u00a1 Bienvenidos a Ca L'Estevet !Restaurante hist\u00f3rico de Barcelona especializado en cocina catalana tradicional desde 1890. Escudella, canelones caseros, fricand\u00f3 y platos t\u00edpicos catalanes en el centro de Barcelona.\",\"breadcrumb\":{\"@id\":\"https:\\\/\\\/www.restaurantestevet.com\\\/es\\\/#breadcrumb\"},\"inLanguage\":\"es\",\"potentialAction\":[{\"@type\":\"ReadAction\",\"target\":[\"https:\\\/\\\/www.restaurantestevet.com\\\/es\\\/\"]}]},{\"@type\":\"BreadcrumbList\",\"@id\":\"https:\\\/\\\/www.restaurantestevet.com\\\/es\\\/#breadcrumb\",\"itemListElement\":[{\"@type\":\"ListItem\",\"position\":1,\"name\":\"Portada\",\"item\":\"https:\\\/\\\/www.restaurantestevet.com\\\/es\\\/\"},{\"@type\":\"ListItem\",\"position\":2,\"name\":\"Inicio\"}]},{\"@type\":\"WebSite\",\"@id\":\"https:\\\/\\\/www.restaurantestevet.com\\\/es\\\/#website\",\"url\":\"https:\\\/\\\/www.restaurantestevet.com\\\/es\\\/\",\"name\":\"Restaurant Ca L'Estevet\",\"description\":\"Cocina catalana. Este establecimiento est\u00e1 presente y es testigo de la movida barcelonesa desde finales del siglo XIX.\",\"potentialAction\":[{\"@type\":\"SearchAction\",\"target\":{\"@type\":\"EntryPoint\",\"urlTemplate\":\"https:\\\/\\\/www.restaurantestevet.com\\\/es\\\/?s={search_term_string}\"},\"query-input\":{\"@type\":\"PropertyValueSpecification\",\"valueRequired\":true,\"valueName\":\"search_term_string\"}}],\"inLanguage\":\"es\"}]}<\/script>\n<!-- \/ Yoast SEO plugin. -->","yoast_head_json":{"title":"Restaurant Ca L\u2019Estevet | Cocina catalana tradicional en Barcelona desde 1890","description":"Restaurante Ca L\u2019Estevet es sin\u00f3nimo de amor y respeto por la cocina tradicional catalana. \u00a1 Bienvenidos a Ca L'Estevet !Restaurante hist\u00f3rico de Barcelona especializado en cocina catalana tradicional desde 1890. Escudella, canelones caseros, fricand\u00f3 y platos t\u00edpicos catalanes en el centro de Barcelona.","robots":{"index":"index","follow":"follow","max-snippet":"max-snippet:-1","max-image-preview":"max-image-preview:large","max-video-preview":"max-video-preview:-1"},"canonical":"https:\/\/www.restaurantestevet.com\/es\/","og_locale":"es_ES","og_type":"article","og_title":"Restaurant Ca L\u2019Estevet | Cocina catalana tradicional en Barcelona desde 1890","og_description":"Restaurante Ca L\u2019Estevet es sin\u00f3nimo de amor y respeto por la cocina tradicional catalana. \u00a1 Bienvenidos a Ca L'Estevet !Restaurante hist\u00f3rico de Barcelona especializado en cocina catalana tradicional desde 1890. Escudella, canelones caseros, fricand\u00f3 y platos t\u00edpicos catalanes en el centro de Barcelona.","og_url":"https:\/\/www.restaurantestevet.com\/es\/","og_site_name":"Restaurant Ca L&#039;Estevet","article_publisher":"https:\/\/www.facebook.com\/restaurantestevet","article_modified_time":"2026-08-31T08:08:50+00:00","schema":{"@context":"https:\/\/schema.org","@graph":[{"@type":"WebPage","@id":"https:\/\/www.restaurantestevet.com\/es\/","url":"https:\/\/www.restaurantestevet.com\/es\/","name":"Restaurant Ca L\u2019Estevet | Cocina catalana tradicional en Barcelona desde 1890","isPartOf":{"@id":"https:\/\/www.restaurantestevet.com\/es\/#website"},"datePublished":"2018-11-27T16:30:41+00:00","dateModified":"2026-08-31T08:08:50+00:00","description":"Restaurante Ca L\u2019Estevet es sin\u00f3nimo de amor y respeto por la cocina tradicional catalana. \u00a1 Bienvenidos a Ca L'Estevet !Restaurante hist\u00f3rico de Barcelona especializado en cocina catalana tradicional desde 1890. Escudella, canelones caseros, fricand\u00f3 y platos t\u00edpicos catalanes en el centro de Barcelona.","breadcrumb":{"@id":"https:\/\/www.restaurantestevet.com\/es\/#breadcrumb"},"inLanguage":"es","potentialAction":[{"@type":"ReadAction","target":["https:\/\/www.restaurantestevet.com\/es\/"]}]},{"@type":"BreadcrumbList","@id":"https:\/\/www.restaurantestevet.com\/es\/#breadcrumb","itemListElement":[{"@type":"ListItem","position":1,"name":"Portada","item":"https:\/\/www.restaurantestevet.com\/es\/"},{"@type":"ListItem","position":2,"name":"Inicio"}]},{"@type":"WebSite","@id":"https:\/\/www.restaurantestevet.com\/es\/#website","url":"https:\/\/www.restaurantestevet.com\/es\/","name":"Restaurant Ca L'Estevet","description":"Cocina catalana. Este establecimiento est\u00e1 presente y es testigo de la movida barcelonesa desde finales del siglo XIX.","potentialAction":[{"@type":"SearchAction","target":{"@type":"EntryPoint","urlTemplate":"https:\/\/www.restaurantestevet.com\/es\/?s={search_term_string}"},"query-input":{"@type":"PropertyValueSpecification","valueRequired":true,"valueName":"search_term_string"}}],"inLanguage":"es"}]}},"jetpack_sharing_enabled":true,"jetpack_shortlink":"https:\/\/wp.me\/P6oEY6-5","jetpack_likes_enabled":true,"_links":{"self":[{"href":"https:\/\/www.restaurantestevet.com\/es\/wp-json\/wp\/v2\/pages\/5","targetHints":{"allow":["GET"]}}],"collection":[{"href":"https:\/\/www.restaurantestevet.com\/es\/wp-json\/wp\/v2\/pages"}],"about":[{"href":"https:\/\/www.restaurantestevet.com\/es\/wp-json\/wp\/v2\/types\/page"}],"author":[{"embeddable":true,"href":"https:\/\/www.restaurantestevet.com\/es\/wp-json\/wp\/v2\/users\/1"}],"replies":[{"embeddable":true,"href":"https:\/\/www.restaurantestevet.com\/es\/wp-json\/wp\/v2\/comments?post=5"}],"version-history":[{"count":64,"href":"https:\/\/www.restaurantestevet.com\/es\/wp-json\/wp\/v2\/pages\/5\/revisions"}],"predecessor-version":[{"id":26306,"href":"https:\/\/www.restaurantestevet.com\/es\/wp-json\/wp\/v2\/pages\/5\/revisions\/26306"}],"wp:attachment":[{"href":"https:\/\/www.restaurantestevet.com\/es\/wp-json\/wp\/v2\/media?parent=5"}],"curies":[{"name":"wp","href":"https:\/\/api.w.org\/{rel}","templated":true}]}}